{"id":17294,"date":"2026-01-17T21:47:26","date_gmt":"2026-01-17T20:47:26","guid":{"rendered":"https:\/\/oponyonline.shop\/xef5\/produkt\/2-x-vredestein-quatrac-pro-245-35r20-95-y-xl-fr-3pmsf-opona-caloroczna\/"},"modified":"2026-01-17T21:47:26","modified_gmt":"2026-01-17T20:47:26","slug":"2-x-vredestein-quatrac-pro-245-35r20-95-y-xl-fr-3pmsf-opona-caloroczna","status":"publish","type":"product","link":"https:\/\/oponixo.shop\/tire\/produkt\/2-x-vredestein-quatrac-pro-245-35r20-95-y-xl-fr-3pmsf-opona-caloroczna\/","title":{"rendered":"2 x Vredestein Quatrac Pro+ 245\/35R20 95 Y XL FR 3PMSF opona ca\u0142oroczna"},"content":{"rendered":"<div style=\"font-family: Arial, sans-serif; line-height: 1.6; color: #333; padding: 20px; clear: both; display: block; width: 100%; float: none; position: static; overflow: hidden;\">\n<div style=\"clear: both; display: block; margin: 10px 0;\">\n<div style=\"clear: both; display: block; margin: 10px 0;\">\n<div style=\"clear: both; display: block; margin: 10px 0;\">\n<div  style=\"max-width:310px;max-height:500px\">\n<div style=\"clear: both; display: block; margin: 10px 0;\">\n<div style=\"clear: both; width: 100%; display: block; margin: 20px 0; padding: 0; float: none; position: static; text-align: center;\"><img decoding=\"async\"  src=\"https:\/\/a.allegroimg.com\/original\/113674\/a8822a7f4b7d9de6e6dff5e1aaeb\/2-x-Vredestein-Quatrac-Pro-245-35R20-95-Y-XL-FR-3PMSF-opona-caloroczna\" srcset=\"https:\/\/a.allegroimg.com\/original\/113674\/a8822a7f4b7d9de6e6dff5e1aaeb\/2-x-Vredestein-Quatrac-Pro-245-35R20-95-Y-XL-FR-3PMSF-opona-caloroczna 223w,https:\/\/a.allegroimg.com\/original\/113674\/a8822a7f4b7d9de6e6dff5e1aaeb\/2-x-Vredestein-Quatrac-Pro-245-35R20-95-Y-XL-FR-3PMSF-opona-caloroczna 310w,https:\/\/a.allegroimg.com\/original\/113674\/a8822a7f4b7d9de6e6dff5e1aaeb\/2-x-Vredestein-Quatrac-Pro-245-35R20-95-Y-XL-FR-3PMSF-opona-caloroczna 310w\" sizes=\"(min-width: 1200px) 560px, (min-width: 992px) 50vw, 100vw\" width=\"310px\" alt=\"2 x Vredestein Quatrac Pro+ 245\/35R20 95 Y XL FR 3PMSF opona ca\u0142oroczna\" style=\"max-width: 100%; height: auto; display: block; margin: 0 auto;\"><\/div>\n<\/div>\n<\/div>\n<\/div>\n<\/div>\n<div style=\"clear: both; display: block; margin: 10px 0;\">\n<div style=\"clear: both; display: block; margin: 10px 0;\">\n<h2>Vredestein Quatrac Pro+ 245\/35R20 95 Y XL FR 3PMSF<\/h2>\n<p style=\"margin: 15px 0; line-height: 1.8; clear: both; display: block; width: 100%; float: none; position: static;\">Producent: Vredestein<\/p>\n<p style=\"margin: 15px 0; line-height: 1.8; clear: both; display: block; width: 100%; float: none; position: static;\">Model: Quatrac Pro+<\/p>\n<p style=\"margin: 15px 0; line-height: 1.8; clear: both; display: block; width: 100%; float: none; position: static;\">Sezon: ca\u0142oroczne<\/p>\n<p style=\"margin: 15px 0; line-height: 1.8; clear: both; display: block; width: 100%; float: none; position: static;\">Rozmiar: 245\/35R20<\/p>\n<p style=\"margin: 15px 0; line-height: 1.8; clear: both; display: block; width: 100%; float: none; position: static;\">Data produkcji: 2024\/2025<\/p>\n<p style=\"margin: 15px 0; line-height: 1.8; clear: both; display: block; width: 100%; float: none; position: static;\">Zu\u017cycie paliwa: klasa D<\/p>\n<p style=\"margin: 15px 0; line-height: 1.8; clear: both; display: block; width: 100%; float: none; position: static;\">Przyczepno\u015b\u0107 na mokrym: klasa B<\/p>\n<p style=\"margin: 15px 0; line-height: 1.8; clear: both; display: block; width: 100%; float: none; position: static;\">Poziom ha\u0142asu: 71 dB<\/p>\n<\/div>\n<\/div>\n<\/div>\n<div style=\"clear: both; display: block; margin: 10px 0;\">\n<div style=\"clear: both; display: block; margin: 10px 0;\">\n<div style=\"clear: both; display: block; margin: 10px 0;\">\n<div  style=\"max-width:760px;max-height:580px\">\n<div style=\"clear: both; display: block; margin: 10px 0;\">\n<div style=\"clear: both; width: 100%; display: block; margin: 20px 0; padding: 0; float: none; position: static; text-align: center;\"><img decoding=\"async\"  src=\"https:\/\/a.allegroimg.com\/original\/11101c\/801b94b4488889258a0cdb824960\/2-x-Vredestein-Quatrac-Pro-245-35R20-95-Y-XL-FR-3PMSF-opona-caloroczna-Liczba-opon-w-ofercie-2-szt\" srcset=\"https:\/\/a.allegroimg.com\/original\/11101c\/801b94b4488889258a0cdb824960\/2-x-Vredestein-Quatrac-Pro-245-35R20-95-Y-XL-FR-3PMSF-opona-caloroczna-Liczba-opon-w-ofercie-2-szt 360w,https:\/\/a.allegroimg.com\/original\/11101c\/801b94b4488889258a0cdb824960\/2-x-Vredestein-Quatrac-Pro-245-35R20-95-Y-XL-FR-3PMSF-opona-caloroczna-Liczba-opon-w-ofercie-2-szt 720w,https:\/\/a.allegroimg.com\/original\/11101c\/801b94b4488889258a0cdb824960\/2-x-Vredestein-Quatrac-Pro-245-35R20-95-Y-XL-FR-3PMSF-opona-caloroczna-Liczba-opon-w-ofercie-2-szt 760w,https:\/\/a.allegroimg.com\/original\/11101c\/801b94b4488889258a0cdb824960\/2-x-Vredestein-Quatrac-Pro-245-35R20-95-Y-XL-FR-3PMSF-opona-caloroczna-Liczba-opon-w-ofercie-2-szt 760w\" sizes=\"(min-width: 1200px) 560px, (min-width: 992px) 50vw, 100vw\" width=\"760px\" alt=\"2 x Vredestein Quatrac Pro+ 245\/35R20 95 Y XL FR 3PMSF opona ca\u0142oroczna Liczba opon w ofercie 2 szt.\" style=\"max-width: 100%; height: auto; display: block; margin: 0 auto;\"><\/div>\n<\/div>\n<\/div>\n<\/div>\n<\/div>\n<div style=\"clear: both; display: block; margin: 10px 0;\">\n<div style=\"clear: both; display: block; margin: 10px 0;\">\n<h1>Vredestein Quatrac Pro+ \u2013 stworzona dla wymagaj\u0105cych<\/h1>\n<p style=\"margin: 15px 0; line-height: 1.8; clear: both; display: block; width: 100%; float: none; position: static;\">Vredestein Quatrac Pro+ to efekt trzech dekad specjalizacji w oponach ca\u0142orocznych. Zaprojektowana z my\u015bl\u0105 o kierowcach samochod\u00f3w osobowych i SUV-\u00f3w o wysokich osi\u0105gach, \u0142\u0105czy najlepsze cechy opon letnich i zimowych w jednej, zaawansowanej konstrukcji. Model ten powsta\u0142 jako nast\u0119pca cenionej Quatrac Pro, oferuj\u0105c jeszcze lepsz\u0105 przyczepno\u015b\u0107, mniejsze zu\u017cycie paliwa i bardziej precyzyjne prowadzenie. Dzi\u0119ki zastosowaniu nowoczesnej mieszanki gumowej oraz zaawansowanej technologii bie\u017cnika, Quatrac Pro+ pozwala cieszy\u0107 si\u0119 komfortem jazdy i pewno\u015bci\u0105 prowadzenia przez ca\u0142y rok, bez konieczno\u015bci sezonowej wymiany opon.<\/p>\n<\/div>\n<\/div>\n<\/div>\n<div style=\"clear: both; display: block; margin: 10px 0;\">\n<div style=\"clear: both; display: block; margin: 10px 0;\">\n<div style=\"clear: both; display: block; margin: 10px 0;\">\n<div  style=\"max-width:760px;max-height:582px\">\n<div style=\"clear: both; display: block; margin: 10px 0;\">\n<div style=\"clear: both; width: 100%; display: block; margin: 20px 0; padding: 0; float: none; position: static; text-align: center;\"><img decoding=\"async\"  src=\"https:\/\/a.allegroimg.com\/original\/112a8b\/815d49ca4412a08d102204775dc2\/2-x-Vredestein-Quatrac-Pro-245-35R20-95-Y-XL-FR-3PMSF-opona-caloroczna-Marka-Vredestein\" srcset=\"https:\/\/a.allegroimg.com\/original\/112a8b\/815d49ca4412a08d102204775dc2\/2-x-Vredestein-Quatrac-Pro-245-35R20-95-Y-XL-FR-3PMSF-opona-caloroczna-Marka-Vredestein 360w,https:\/\/a.allegroimg.com\/original\/112a8b\/815d49ca4412a08d102204775dc2\/2-x-Vredestein-Quatrac-Pro-245-35R20-95-Y-XL-FR-3PMSF-opona-caloroczna-Marka-Vredestein 720w,https:\/\/a.allegroimg.com\/original\/112a8b\/815d49ca4412a08d102204775dc2\/2-x-Vredestein-Quatrac-Pro-245-35R20-95-Y-XL-FR-3PMSF-opona-caloroczna-Marka-Vredestein 760w,https:\/\/a.allegroimg.com\/original\/112a8b\/815d49ca4412a08d102204775dc2\/2-x-Vredestein-Quatrac-Pro-245-35R20-95-Y-XL-FR-3PMSF-opona-caloroczna-Marka-Vredestein 760w\" sizes=\"(min-width: 1200px) 560px, (min-width: 992px) 50vw, 100vw\" width=\"760px\" alt=\"2 x Vredestein Quatrac Pro+ 245\/35R20 95 Y XL FR 3PMSF opona ca\u0142oroczna Marka Vredestein\" style=\"max-width: 100%; height: auto; display: block; margin: 0 auto;\"><\/div>\n<\/div>\n<\/div>\n<\/div>\n<\/div>\n<div style=\"clear: both; display: block; margin: 10px 0;\">\n<div style=\"clear: both; display: block; margin: 10px 0;\">\n<h1>Mistrzyni mokrej nawierzchni i ochrona przed aquaplaningiem<\/h1>\n<p style=\"margin: 15px 0; line-height: 1.8; clear: both; display: block; width: 100%; float: none; position: static;\">Model Quatrac Pro+ wyr\u00f3\u017cnia si\u0119 jako jeden z najlepszych w swojej klasie pod wzgl\u0119dem przyczepno\u015bci na mokrej drodze. Dzi\u0119ki nowej mieszance gumowej i zoptymalizowanemu systemowi rowk\u00f3w, opona skutecznie odprowadza wod\u0119 i b\u0142oto po\u015bniegowe, zapewniaj\u0105c wysok\u0105 stabilno\u015b\u0107 jazdy i doskona\u0142\u0105 ochron\u0119 przed aquaplaningiem. W testach por\u00f3wnawczych (Auto Bild, SportAuto) osi\u0105ga 100% efektywno\u015bci na mokrej nawierzchni, dor\u00f3wnuj\u0105c topowym konkurentom, takim jak Goodyear Vector 4Seasons Gen-3 czy Bridgestone Turanza All Season 6. Technologia zapewnia r\u00f3wnie\u017c szerokie spektrum pracy w r\u00f3\u017cnych temperaturach, dzi\u0119ki czemu opona zachowuje elastyczno\u015b\u0107 i skuteczno\u015b\u0107 niezale\u017cnie od pogody.<\/p>\n<\/div>\n<\/div>\n<\/div>\n<div style=\"clear: both; display: block; margin: 10px 0;\">\n<div style=\"clear: both; display: block; margin: 10px 0;\">\n<div style=\"clear: both; display: block; margin: 10px 0;\">\n<div  style=\"max-width:760px;max-height:624px\">\n<div style=\"clear: both; display: block; margin: 10px 0;\">\n<div style=\"clear: both; width: 100%; display: block; margin: 20px 0; padding: 0; float: none; position: static; text-align: center;\"><img decoding=\"async\"  src=\"https:\/\/a.allegroimg.com\/original\/11064a\/9d94f9ea4ca3bc46a1abdd33ac3a\/2-x-Vredestein-Quatrac-Pro-245-35R20-95-Y-XL-FR-3PMSF-opona-caloroczna-Szerokosc-opony-245-mm\" srcset=\"https:\/\/a.allegroimg.com\/original\/11064a\/9d94f9ea4ca3bc46a1abdd33ac3a\/2-x-Vredestein-Quatrac-Pro-245-35R20-95-Y-XL-FR-3PMSF-opona-caloroczna-Szerokosc-opony-245-mm 360w,https:\/\/a.allegroimg.com\/original\/11064a\/9d94f9ea4ca3bc46a1abdd33ac3a\/2-x-Vredestein-Quatrac-Pro-245-35R20-95-Y-XL-FR-3PMSF-opona-caloroczna-Szerokosc-opony-245-mm 720w,https:\/\/a.allegroimg.com\/original\/11064a\/9d94f9ea4ca3bc46a1abdd33ac3a\/2-x-Vredestein-Quatrac-Pro-245-35R20-95-Y-XL-FR-3PMSF-opona-caloroczna-Szerokosc-opony-245-mm 760w,https:\/\/a.allegroimg.com\/original\/11064a\/9d94f9ea4ca3bc46a1abdd33ac3a\/2-x-Vredestein-Quatrac-Pro-245-35R20-95-Y-XL-FR-3PMSF-opona-caloroczna-Szerokosc-opony-245-mm 760w\" sizes=\"(min-width: 1200px) 560px, (min-width: 992px) 50vw, 100vw\" width=\"760px\" alt=\"2 x Vredestein Quatrac Pro+ 245\/35R20 95 Y XL FR 3PMSF opona ca\u0142oroczna Szeroko\u015b\u0107 opony 245 mm\" style=\"max-width: 100%; height: auto; display: block; margin: 0 auto;\"><\/div>\n<\/div>\n<\/div>\n<\/div>\n<\/div>\n<div style=\"clear: both; display: block; margin: 10px 0;\">\n<div style=\"clear: both; display: block; margin: 10px 0;\">\n<h1>Gotowa na zim\u0119 \u2013 przyczepno\u015b\u0107, kontrola i bezpiecze\u0144stwo<\/h1>\n<p style=\"margin: 15px 0; line-height: 1.8; clear: both; display: block; width: 100%; float: none; position: static;\">Opony Quatrac Pro+ posiadaj\u0105 oznaczenie 3PMSF, co oznacza ich pe\u0142n\u0105 homologacj\u0119 zimow\u0105 \u2013 nawet w krajach, gdzie ogumienie zimowe jest wymagane przepisami. Testy wykazuj\u0105, \u017ce model oferuje o 5% lepsz\u0105 przyczepno\u015b\u0107 i przyspieszenie na \u015bniegu wzgl\u0119dem poprzedniej wersji, a tak\u017ce o 10% lepsz\u0105 stabilno\u015b\u0107 i kontrol\u0119 toru jazdy w warunkach b\u0142ota po\u015bniegowego. G\u0119sta sie\u0107 lameli, asymetryczny bie\u017cnik oraz zoptymalizowane strefy barkowe pozwalaj\u0105 na pewne manewrowanie nawet w trudnych zimowych warunkach. Opona \u015bwietnie radzi sobie nie tylko na \u015bniegu, ale r\u00f3wnie\u017c na zmarzni\u0119tej i \u015bliskiej nawierzchni, zapewniaj\u0105c bezpieczne hamowanie i przewidywalne prowadzenie.<\/p>\n<\/div>\n<\/div>\n<\/div>\n<div style=\"clear: both; display: block; margin: 10px 0;\">\n<div style=\"clear: both; display: block; margin: 10px 0;\">\n<div style=\"clear: both; display: block; margin: 10px 0;\">\n<div  style=\"max-width:760px;max-height:624px\">\n<div style=\"clear: both; display: block; margin: 10px 0;\">\n<div style=\"clear: both; width: 100%; display: block; margin: 20px 0; padding: 0; float: none; position: static; text-align: center;\"><img decoding=\"async\"  src=\"https:\/\/a.allegroimg.com\/original\/1111fc\/38e4c8a7427bb965d5f80e2de608\/2-x-Vredestein-Quatrac-Pro-245-35R20-95-Y-XL-FR-3PMSF-opona-caloroczna-Profil-opony-35\" srcset=\"https:\/\/a.allegroimg.com\/original\/1111fc\/38e4c8a7427bb965d5f80e2de608\/2-x-Vredestein-Quatrac-Pro-245-35R20-95-Y-XL-FR-3PMSF-opona-caloroczna-Profil-opony-35 360w,https:\/\/a.allegroimg.com\/original\/1111fc\/38e4c8a7427bb965d5f80e2de608\/2-x-Vredestein-Quatrac-Pro-245-35R20-95-Y-XL-FR-3PMSF-opona-caloroczna-Profil-opony-35 720w,https:\/\/a.allegroimg.com\/original\/1111fc\/38e4c8a7427bb965d5f80e2de608\/2-x-Vredestein-Quatrac-Pro-245-35R20-95-Y-XL-FR-3PMSF-opona-caloroczna-Profil-opony-35 760w,https:\/\/a.allegroimg.com\/original\/1111fc\/38e4c8a7427bb965d5f80e2de608\/2-x-Vredestein-Quatrac-Pro-245-35R20-95-Y-XL-FR-3PMSF-opona-caloroczna-Profil-opony-35 760w\" sizes=\"(min-width: 1200px) 560px, (min-width: 992px) 50vw, 100vw\" width=\"760px\" alt=\"2 x Vredestein Quatrac Pro+ 245\/35R20 95 Y XL FR 3PMSF opona ca\u0142oroczna Profil opony 35\" style=\"max-width: 100%; height: auto; display: block; margin: 0 auto;\"><\/div>\n<\/div>\n<\/div>\n<\/div>\n<\/div>\n<div style=\"clear: both; display: block; margin: 10px 0;\">\n<div style=\"clear: both; display: block; margin: 10px 0;\">\n<h1>Efektywno\u015b\u0107, trwa\u0142o\u015b\u0107 i komfort klasy premium<\/h1>\n<p style=\"margin: 15px 0; line-height: 1.8; clear: both; display: block; width: 100%; float: none; position: static;\">Poza wysokimi osi\u0105gami, Vredestein Quatrac Pro+ oferuje r\u00f3wnie\u017c realne oszcz\u0119dno\u015bci. Dzi\u0119ki obni\u017ceniu opor\u00f3w toczenia o 5%, opona zu\u017cywa mniej paliwa, co korzystnie wp\u0142ywa na \u015brodowisko i portfel kierowcy. Dodatkowo uzyskano redukcj\u0119 ha\u0142asu zewn\u0119trznego, a elastyczna konstrukcja poprawia komfort jazdy nawet na nier\u00f3wnych nawierzchniach. W testach oraz w opiniach u\u017cytkownik\u00f3w model oceniany jest jako cichy, stabilny i trwa\u0142y, z bardzo dobrym wyczuciem prowadzenia. To sprawia, \u017ce Quatrac Pro+ to idealna propozycja dla kierowc\u00f3w, kt\u00f3rzy szukaj\u0105 opony nie tylko bezpiecznej, ale te\u017c dopracowanej w ka\u017cdym detalu \u2013 gotowej na ka\u017cd\u0105 pogod\u0119, ka\u017cd\u0105 drog\u0119 i ka\u017cd\u0105 por\u0119 roku.<\/p>\n<\/div>\n<\/div>\n<\/div>\n<\/div>\n<\/div>\n<\/div>\n<div style=\"clear: both; display: block; margin: 10px 0;\">\n","protected":false},"excerpt":{"rendered":"<p>Vredestein Quatrac Pro+ 245\/35R20 95 Y XL FR 3PMSF<\/p>\n<p>Producent: Vredestein<\/p>\n<p>Model: Quatrac Pro+<\/p>\n<p>Sezon: ca\u0142oroczne<\/p>\n<p>Rozmiar: 245\/35R20<\/p>\n<p>Data produkcji: 2024\/2025<\/p>\n<p>Zu\u017cycie paliwa: klasa D<\/p>\n<p>Przyczepno\u015b\u0107 na mokrym: klasa B<\/p>\n","protected":false},"featured_media":17295,"template":"","meta":{"_uag_custom_page_level_css":""},"product_brand":[436],"product_cat":[416,414,413,412],"product_tag":[],"class_list":{"0":"post-17294","1":"product","2":"type-product","3":"status-publish","4":"has-post-thumbnail","6":"product_brand-vredestein","7":"product_cat-caloroczne","8":"product_cat-do-samochodow-osobowych-i-suv","9":"product_cat-opony","10":"product_cat-opony-i-felgi","12":"first","13":"instock","14":"shipping-taxable","15":"purchasable","16":"product-type-simple"},"uagb_featured_image_src":{"full":["https:\/\/oponixo.shop\/tire\/wp-content\/uploads\/2026\/01\/allegro-image-17294.jpg",310,500,false],"thumbnail":["https:\/\/oponixo.shop\/tire\/wp-content\/uploads\/2026\/01\/allegro-image-17294-150x150.jpg",150,150,true],"medium":["https:\/\/oponixo.shop\/tire\/wp-content\/uploads\/2026\/01\/allegro-image-17294-186x300.jpg",186,300,true],"medium_large":["https:\/\/oponixo.shop\/tire\/wp-content\/uploads\/2026\/01\/allegro-image-17294.jpg",310,500,false],"large":["https:\/\/oponixo.shop\/tire\/wp-content\/uploads\/2026\/01\/allegro-image-17294.jpg",310,500,false],"1536x1536":["https:\/\/oponixo.shop\/tire\/wp-content\/uploads\/2026\/01\/allegro-image-17294.jpg",310,500,false],"2048x2048":["https:\/\/oponixo.shop\/tire\/wp-content\/uploads\/2026\/01\/allegro-image-17294.jpg",310,500,false],"woocommerce_thumbnail":["https:\/\/oponixo.shop\/tire\/wp-content\/uploads\/2026\/01\/allegro-image-17294-300x300.jpg",300,300,true],"woocommerce_single":["https:\/\/oponixo.shop\/tire\/wp-content\/uploads\/2026\/01\/allegro-image-17294.jpg",310,500,false],"woocommerce_gallery_thumbnail":["https:\/\/oponixo.shop\/tire\/wp-content\/uploads\/2026\/01\/allegro-image-17294-100x100.jpg",100,100,true]},"uagb_author_info":{"display_name":"admin","author_link":"https:\/\/oponixo.shop\/tire\/author\/"},"uagb_comment_info":0,"uagb_excerpt":"Vredestein Quatrac Pro+ 245\/35R20 95 Y XL FR 3PMSF Producent: Vredestein Model: Quatrac Pro+ Sezon: ca\u0142oroczne Rozmiar: 245\/35R20 Data produkcji: 2024\/2025 Zu\u017cycie paliwa: klasa D Przyczepno\u015b\u0107 na mokrym: klasa B","_links":{"self":[{"href":"https:\/\/oponixo.shop\/tire\/wp-json\/wp\/v2\/product\/17294","targetHints":{"allow":["GET"]}}],"collection":[{"href":"https:\/\/oponixo.shop\/tire\/wp-json\/wp\/v2\/product"}],"about":[{"href":"https:\/\/oponixo.shop\/tire\/wp-json\/wp\/v2\/types\/product"}],"wp:featuredmedia":[{"embeddable":true,"href":"https:\/\/oponixo.shop\/tire\/wp-json\/wp\/v2\/media\/17295"}],"wp:attachment":[{"href":"https:\/\/oponixo.shop\/tire\/wp-json\/wp\/v2\/media?parent=17294"}],"wp:term":[{"taxonomy":"product_brand","embeddable":true,"href":"https:\/\/oponixo.shop\/tire\/wp-json\/wp\/v2\/product_brand?post=17294"},{"taxonomy":"product_cat","embeddable":true,"href":"https:\/\/oponixo.shop\/tire\/wp-json\/wp\/v2\/product_cat?post=17294"},{"taxonomy":"product_tag","embeddable":true,"href":"https:\/\/oponixo.shop\/tire\/wp-json\/wp\/v2\/product_tag?post=17294"}],"curies":[{"name":"wp","href":"https:\/\/api.w.org\/{rel}","templated":true}]}}