{"id":15674,"date":"2026-01-16T03:21:45","date_gmt":"2026-01-16T02:21:45","guid":{"rendered":"https:\/\/oponyauto.shop\/xef5\/produkt\/2x-vredestein-245-45r19-102w-quatrac-pro-ev-xl-fsl-caloroczne-2024-r\/"},"modified":"2026-01-16T03:21:46","modified_gmt":"2026-01-16T02:21:46","slug":"2x-vredestein-245-45r19-102w-quatrac-pro-ev-xl-fsl-caloroczne-2024-r","status":"publish","type":"product","link":"https:\/\/oponixo.shop\/tire\/produkt\/2x-vredestein-245-45r19-102w-quatrac-pro-ev-xl-fsl-caloroczne-2024-r\/","title":{"rendered":"2x VREDESTEIN 245\/45R19 102W Quatrac PRO EV XL FSL ca\u0142oroczne 2024 r"},"content":{"rendered":"<div style=\"font-family: Arial, sans-serif; line-height: 1.6; color: #333; padding: 20px; clear: both; display: block; width: 100%; float: none; position: static; overflow: hidden;\">\n<div style=\"clear: both; display: block; margin: 10px 0;\">\n<div style=\"clear: both; display: block; margin: 10px 0;\">\n<div style=\"clear: both; display: block; margin: 10px 0;\">\n<h1>Rok produkcji: 2024<\/h1>\n<\/div>\n<\/div>\n<\/div>\n<div style=\"clear: both; display: block; margin: 10px 0;\">\n<div style=\"clear: both; display: block; margin: 10px 0;\">\n<div style=\"clear: both; display: block; margin: 10px 0;\">\n<div  style=\"max-width:529px;max-height:755px\">\n<div style=\"clear: both; display: block; margin: 10px 0;\">\n<div style=\"clear: both; width: 100%; display: block; margin: 20px 0; padding: 0; float: none; position: static; text-align: center;\"><img decoding=\"async\"  src=\"https:\/\/a.allegroimg.com\/original\/118a25\/cc802d0b4937b0b982ed21321e82\/2x-VREDESTEIN-245-45R19-102W-Quatrac-PRO-EV-XL-FSL-caloroczne-2024-r\" srcset=\"https:\/\/a.allegroimg.com\/original\/118a25\/cc802d0b4937b0b982ed21321e82\/2x-VREDESTEIN-245-45R19-102W-Quatrac-PRO-EV-XL-FSL-caloroczne-2024-r 252w,https:\/\/a.allegroimg.com\/original\/118a25\/cc802d0b4937b0b982ed21321e82\/2x-VREDESTEIN-245-45R19-102W-Quatrac-PRO-EV-XL-FSL-caloroczne-2024-r 504w,https:\/\/a.allegroimg.com\/original\/118a25\/cc802d0b4937b0b982ed21321e82\/2x-VREDESTEIN-245-45R19-102W-Quatrac-PRO-EV-XL-FSL-caloroczne-2024-r 529w,https:\/\/a.allegroimg.com\/original\/118a25\/cc802d0b4937b0b982ed21321e82\/2x-VREDESTEIN-245-45R19-102W-Quatrac-PRO-EV-XL-FSL-caloroczne-2024-r 529w\" sizes=\"(min-width: 1200px) 560px, (min-width: 992px) 50vw, 100vw\" width=\"529px\" alt=\"2x VREDESTEIN 245\/45R19 102W Quatrac PRO EV XL FSL ca\u0142oroczne 2024 r\" style=\"max-width: 100%; height: auto; display: block; margin: 0 auto;\"><\/div>\n<\/div>\n<\/div>\n<\/div>\n<\/div>\n<div style=\"clear: both; display: block; margin: 10px 0;\">\n<div style=\"clear: both; display: block; margin: 10px 0;\">\n<h1>VREDESTEIN Quatrac PRO EV 245\/45R19 102W XL FSL EV<\/h1>\n<h2>G12WT4<\/h2>\n<ul style=\"margin: 15px 0; padding-left: 20px; clear: both; display: block; width: 100%; float: none; position: static;\">\n<li style=\"margin: 5px 0; padding: 2px 0; clear: both; display: list-item; float: none; position: static;\"><b>Data produkcji :<\/b> 2024<\/li>\n<li style=\"margin: 5px 0; padding: 2px 0; clear: both; display: list-item; float: none; position: static;\"><b>Indeks :<\/b> 245\/45R19 COVR 102W QPEV<\/li>\n<li style=\"margin: 5px 0; padding: 2px 0; clear: both; display: list-item; float: none; position: static;\"><b>Indeks no\u015bno\u015bci :<\/b> 102<\/li>\n<li style=\"margin: 5px 0; padding: 2px 0; clear: both; display: list-item; float: none; position: static;\"><b>Indeks pr\u0119dko\u015bci :<\/b> W &#8211; 270 km\/h<\/li>\n<li style=\"margin: 5px 0; padding: 2px 0; clear: both; display: list-item; float: none; position: static;\"><b>Karta informacyjna produktu :<\/b> https:\/\/eprel.ec.europa.eu\/qr\/1379110<\/li>\n<li style=\"margin: 5px 0; padding: 2px 0; clear: both; display: list-item; float: none; position: static;\"><b>Kl. efekt. paliwowej :<\/b> C<\/li>\n<li style=\"margin: 5px 0; padding: 2px 0; clear: both; display: list-item; float: none; position: static;\"><b>Kl. przycz. na mokrej naw. :<\/b> B<\/li>\n<li style=\"margin: 5px 0; padding: 2px 0; clear: both; display: list-item; float: none; position: static;\"><b>Kl. zew. ha\u0142asu tocz. :<\/b> B<\/li>\n<li style=\"margin: 5px 0; padding: 2px 0; clear: both; display: list-item; float: none; position: static;\"><b>Klasa opony :<\/b> premium<\/li>\n<li style=\"margin: 5px 0; padding: 2px 0; clear: both; display: list-item; float: none; position: static;\"><b>Kod EAN :<\/b> 8714692807978<\/li>\n<li style=\"margin: 5px 0; padding: 2px 0; clear: both; display: list-item; float: none; position: static;\"><b>Kod producenta :<\/b> 8714692807978<\/li>\n<li style=\"margin: 5px 0; padding: 2px 0; clear: both; display: list-item; float: none; position: static;\"><b>Model bie\u017cnika :<\/b> Quatrac PRO EV<\/li>\n<li style=\"margin: 5px 0; padding: 2px 0; clear: both; display: list-item; float: none; position: static;\"><b>Nazwa produktu :<\/b> VREDESTEIN 245\/45R19 102W Quatrac PRO EV XL FSL ca\u0142oroczne<\/li>\n<li style=\"margin: 5px 0; padding: 2px 0; clear: both; display: list-item; float: none; position: static;\"><b>No\u015bno\u015b\u0107 opony :<\/b> XL<\/li>\n<li style=\"margin: 5px 0; padding: 2px 0; clear: both; display: list-item; float: none; position: static;\"><b>Producent :<\/b> VREDESTEIN<\/li>\n<li style=\"margin: 5px 0; padding: 2px 0; clear: both; display: list-item; float: none; position: static;\"><b>Profil :<\/b> 45<\/li>\n<li style=\"margin: 5px 0; padding: 2px 0; clear: both; display: list-item; float: none; position: static;\"><b>Przeznaczenie :<\/b> samochody osobowe\/SUV\/4&#215;4<\/li>\n<li style=\"margin: 5px 0; padding: 2px 0; clear: both; display: list-item; float: none; position: static;\"><b>Przyczepno\u015b\u0107 na lodzie :<\/b> Nie<\/li>\n<li style=\"margin: 5px 0; padding: 2px 0; clear: both; display: list-item; float: none; position: static;\"><b>Przyczepno\u015b\u0107 na \u015bniegu :<\/b> Tak<\/li>\n<li style=\"margin: 5px 0; padding: 2px 0; clear: both; display: list-item; float: none; position: static;\"><b>QR kod :<\/b> https:\/\/eprel.ec.europa.eu\/qr\/1379110<\/li>\n<li style=\"margin: 5px 0; padding: 2px 0; clear: both; display: list-item; float: none; position: static;\"><b>Rant opony :<\/b> FSL<\/li>\n<li style=\"margin: 5px 0; padding: 2px 0; clear: both; display: list-item; float: none; position: static;\"><b>Sezon :<\/b> ca\u0142oroczna<\/li>\n<li style=\"margin: 5px 0; padding: 2px 0; clear: both; display: list-item; float: none; position: static;\"><b>\u015arednica :<\/b> 19&#8243;<\/li>\n<li style=\"margin: 5px 0; padding: 2px 0; clear: both; display: list-item; float: none; position: static;\"><b>Szeroko\u015b\u0107 :<\/b> 245<\/li>\n<li style=\"margin: 5px 0; padding: 2px 0; clear: both; display: list-item; float: none; position: static;\"><b>Wart. pom. i kl. zew. ha\u0142asu tocz. [dB] :<\/b> 70<\/li>\n<\/ul>\n<\/div>\n<\/div>\n<\/div>\n<div style=\"clear: both; display: block; margin: 10px 0;\">\n<div style=\"clear: both; display: block; margin: 10px 0;\">\n<div style=\"clear: both; display: block; margin: 10px 0;\">\n<p style=\"margin: 15px 0; line-height: 1.8; clear: both; display: block; width: 100%; float: none; position: static;\"> Quatrac PRO EV to ca\u0142oroczna opona klasy premium od marki Vredestein, kt\u00f3ra zosta\u0142a w ca\u0142o\u015bci zaprojektowana pod katem potrzeb pojazd\u00f3w elektrycznych. Wyselekcjonowane technologie oraz specjalna mieszanka gumowa, dbaj\u0105 o zapewnienie najwy\u017cszych osi\u0105g\u00f3w przy zmniejszaniu opor\u00f3w toczenia dla jeszcze d\u0142u\u017cszego zasi\u0119gu pojazdu. <\/p>\n<p style=\"margin: 15px 0; line-height: 1.8; clear: both; display: block; width: 100%; float: none; position: static;\"> Kompozycja gumy bie\u017cnika, wzbogacona polimerami czwartej generacji i innowacyjn\u0105 krzemionk\u0105, zapewniaj\u0105 mniejsze tarcie, co pozwala wyd\u0142u\u017cy\u0107 zasi\u0119g aut z nap\u0119dami alternatywnymi. Dodatkowo, kompleks krzemionkowy, wspiera wydajno\u015b\u0107 i bezpiecze\u0144stwo jazdy na o\u015bnie\u017conych i mokrych nawierzchniach. <\/p>\n<p style=\"margin: 15px 0; line-height: 1.8; clear: both; display: block; width: 100%; float: none; position: static;\"> Efektywno\u015b\u0107 energetyczna zosta\u0142a zoptymalizowana r\u00f3wnie\u017c poprzez konstrukcj\u0119 opony. Cie\u0144sza \u015bciana boczna, wysmuklony materia\u0142 opasania, redukcja wysoko\u015bci w punkcie szczytowym oraz nowy rant wp\u0142ywaj\u0105 na mniejsze straty energii podczas ruchu. <\/p>\n<p style=\"margin: 15px 0; line-height: 1.8; clear: both; display: block; width: 100%; float: none; position: static;\"> Zwi\u0119kszona sztywno\u015b\u0107 klock\u00f3w bie\u017cnika w po\u0142\u0105czeniu ze specjalnym rozk\u0142adem lameli o zoptymalizowanej d\u0142ugo\u015bci, wspieraj\u0105 stabilno\u015b\u0107 pojazdu podczas pokonywania zakr\u0119t\u00f3w. Auta elektryczne cechuj\u0105 si\u0119 zwi\u0119kszon\u0105 mas\u0105 w\u0142asn\u0105, dlatego odpowiednia sztywno\u015b\u0107 opony jest znacz\u0105ca. <\/p>\n<p style=\"margin: 15px 0; line-height: 1.8; clear: both; display: block; width: 100%; float: none; position: static;\"> Asymetryczna rze\u017aba bie\u017cnika w kt\u00f3rej kraw\u0119d\u017a zewn\u0119trzna jest szersza od wewn\u0119trznej, zapewnia doskona\u0142e i pewne prowadzenie w szerokim zakresie temperatur zar\u00f3wno na odcinkach prostych jak i podczas pokonywania zakr\u0119t\u00f3w. Szerokie kana\u0142y obwodowe doskonale osuszaj\u0105 stref\u0119 kontaktow\u0105 bie\u017cnika, dbaj\u0105c o najwy\u017cszy poziom bezpiecze\u0144stwa w czasie jazdy oraz przy hamowaniu. <\/p>\n<p style=\"margin: 15px 0; line-height: 1.8; clear: both; display: block; width: 100%; float: none; position: static;\"> VREDESTEIN Quatrac PRO EV to opona spe\u0142niaj\u0105ca najwy\u017csze wymagania nowoczesnych pojazd\u00f3w elektrycznych dbaj\u0105c przy tym o \u015brodowisko naturalne. <\/p>\n<p style=\"margin: 15px 0; line-height: 1.8; clear: both; display: block; width: 100%; float: none; position: static;\"> VREDESTEIN Quatrac PRO EV: o 17%* mniejszy wp\u0142yw na \u015brodowisko naturalne o 15%* mniejszy op\u00f3r toczenia o 6%* lepsza precyzja prowadzenia o 4%* lepsza skuteczno\u015b\u0107 hamowania <\/p>\n<p style=\"margin: 15px 0; line-height: 1.8; clear: both; display: block; width: 100%; float: none; position: static;\"> *Wewn\u0119trzne testy producenta w por\u00f3wnaniu z Quatrac Pro w rozmiarze 245\/45 R19 102W XL. <\/p>\n<\/div>\n<\/div>\n<div style=\"clear: both; display: block; margin: 10px 0;\">\n<div style=\"clear: both; display: block; margin: 10px 0;\">\n<div  style=\"max-width:886px;max-height:1299px\">\n<div style=\"clear: both; display: block; margin: 10px 0;\">\n<div style=\"clear: both; width: 100%; display: block; margin: 20px 0; padding: 0; float: none; position: static; text-align: center;\"><img decoding=\"async\"  src=\"https:\/\/a.allegroimg.com\/original\/111a64\/e29a122d437d83ba8cd587f645d3\/2x-VREDESTEIN-245-45R19-102W-Quatrac-PRO-EV-XL-FSL-caloroczne-2024-r-Marka-Vredestein\" srcset=\"https:\/\/a.allegroimg.com\/original\/111a64\/e29a122d437d83ba8cd587f645d3\/2x-VREDESTEIN-245-45R19-102W-Quatrac-PRO-EV-XL-FSL-caloroczne-2024-r-Marka-Vredestein 245w,https:\/\/a.allegroimg.com\/original\/111a64\/e29a122d437d83ba8cd587f645d3\/2x-VREDESTEIN-245-45R19-102W-Quatrac-PRO-EV-XL-FSL-caloroczne-2024-r-Marka-Vredestein 491w,https:\/\/a.allegroimg.com\/original\/111a64\/e29a122d437d83ba8cd587f645d3\/2x-VREDESTEIN-245-45R19-102W-Quatrac-PRO-EV-XL-FSL-caloroczne-2024-r-Marka-Vredestein 698w,https:\/\/a.allegroimg.com\/original\/111a64\/e29a122d437d83ba8cd587f645d3\/2x-VREDESTEIN-245-45R19-102W-Quatrac-PRO-EV-XL-FSL-caloroczne-2024-r-Marka-Vredestein 886w,https:\/\/a.allegroimg.com\/original\/111a64\/e29a122d437d83ba8cd587f645d3\/2x-VREDESTEIN-245-45R19-102W-Quatrac-PRO-EV-XL-FSL-caloroczne-2024-r-Marka-Vredestein 886w\" sizes=\"(min-width: 1200px) 560px, (min-width: 992px) 50vw, 100vw\" width=\"886px\" alt=\"2x VREDESTEIN 245\/45R19 102W Quatrac PRO EV XL FSL ca\u0142oroczne 2024 r Marka Vredestein\" style=\"max-width: 100%; height: auto; display: block; margin: 0 auto;\"><\/div>\n<\/div>\n<\/div>\n<\/div>\n<\/div>\n<\/div>\n<div style=\"clear: both; display: block; margin: 10px 0;\">\n<div style=\"clear: both; display: block; margin: 10px 0;\">\n<div style=\"clear: both; display: block; margin: 10px 0;\">\n<p style=\"margin: 15px 0; line-height: 1.8; clear: both; display: block; width: 100%; float: none; position: static;\">Wychodz\u0105c naprzeciw oczekiwaniom Klient\u00f3w i chc\u0105c spe\u0142nia\u0107 jak najwy\u017csze standardy obs\u0142ugi dok\u0142adamy wszelkich stara\u0144, aby podawa\u0107 precyzyjn\u0105 dat\u0119 produkcji opony (DOT). Niestety, w wyj\u0105tkowych przypadkach, mo\u017ce zdarzy\u0107 si\u0119, \u017ce opony, kt\u00f3re wy\u015blemy b\u0119d\u0105 mia\u0142y inn\u0105 dat\u0119 produkcji ni\u017c podana. Sytuacja mo\u017ce dotyczy\u0107 zar\u00f3wno opon z DOT-em wcze\u015bniejszym jak i p\u00f3\u017aniejszym. Chcieliby\u015bmy podkre\u015bli\u0107, \u017ce warunki przechowywania opon w naszych magazynach spe\u0142niaj\u0105 Polsk\u0105 Norm\u0119 PN-C-94300-7 dzi\u0119ki czemu nawet opona przechowywana 24 miesi\u0105ce ma parametry takie same jak opona z bie\u017c\u0105cego roku. Warto pami\u0119ta\u0107 tak\u017ce o fakcie, \u017ce w przypadku wielu rozmiar\u00f3w i producent\u00f3w plany produkcyjne fabryk uniemo\u017cliwiaj\u0105 zakup opony z bie\u017c\u0105cego roku.<\/p>\n<p style=\"margin: 15px 0; line-height: 1.8; clear: both; display: block; width: 100%; float: none; position: static;\">Przy zakupie opon pami\u0119taj o sprawdzeniu w instrukcji samochodu lub na w\u0142a\u015bciwej stronie internetowej, jakie ogumienie zaleca producent Twojego auta. \u0179le dobrane opony mog\u0105 negatywnie wp\u0142yn\u0105\u0107 na poziom Twojego bezpiecze\u0144stwa. Kupuj\u0105c opony zwr\u00f3\u0107 uwag\u0119 na rozmiar oraz indeksy no\u015bno\u015bci i pr\u0119dko\u015bci jakie homologowane s\u0105 do Twojego pojazdu.<\/p>\n<p style=\"margin: 15px 0; line-height: 1.8; clear: both; display: block; width: 100%; float: none; position: static;\">Zamieszczone zdj\u0119cia pe\u0142ni\u0105 funkcj\u0119 pogl\u0105dow\u0105. W zale\u017cno\u015bci od szeroko\u015bci opon, mog\u0105 wyst\u0119powa\u0107 niewielkie r\u00f3\u017cnice w wygl\u0105dzie bie\u017cnika (w obr\u0119bie jednego modelu) na przyk\u0142ad w ilo\u015bci rowk\u00f3w obwodowych lub rozmieszczeniu blok\u00f3w bie\u017cnika, co nie stanowi wady produktu.<\/p>\n<p style=\"margin: 15px 0; line-height: 1.8; clear: both; display: block; width: 100%; float: none; position: static;\">Je\u017celi otrzymane przez Ciebie opony nie spe\u0142niaj\u0105 Twoich oczekiwa\u0144 masz mo\u017cliwo\u015b\u0107 zwrotu lub wymiany nieu\u017cywanego (niemontowanego) ogumienia.<\/p>\n<\/div>\n<\/div>\n<\/div>\n<div style=\"clear: both; display: block; margin: 10px 0;\">\n<div style=\"clear: both; display: block; margin: 10px 0;\">\n<div style=\"clear: both; display: block; margin: 10px 0;\">\n<div  style=\"max-width:2410px;max-height:451px\">\n<div style=\"clear: both; display: block; margin: 10px 0;\">\n<div style=\"clear: both; width: 100%; display: block; margin: 20px 0; padding: 0; float: none; position: static; text-align: center;\"><img decoding=\"async\"  src=\"https:\/\/a.allegroimg.com\/original\/11ad80\/d004449b4db19cd07a30d01d5372\/2x-VREDESTEIN-245-45R19-102W-Quatrac-PRO-EV-XL-FSL-caloroczne-2024-r-Szerokosc-opony-245-mm\" srcset=\"https:\/\/a.allegroimg.com\/original\/11ad80\/d004449b4db19cd07a30d01d5372\/2x-VREDESTEIN-245-45R19-102W-Quatrac-PRO-EV-XL-FSL-caloroczne-2024-r-Szerokosc-opony-245-mm 360w,https:\/\/a.allegroimg.com\/original\/11ad80\/d004449b4db19cd07a30d01d5372\/2x-VREDESTEIN-245-45R19-102W-Quatrac-PRO-EV-XL-FSL-caloroczne-2024-r-Szerokosc-opony-245-mm 720w,https:\/\/a.allegroimg.com\/original\/11ad80\/d004449b4db19cd07a30d01d5372\/2x-VREDESTEIN-245-45R19-102W-Quatrac-PRO-EV-XL-FSL-caloroczne-2024-r-Szerokosc-opony-245-mm 1024w,https:\/\/a.allegroimg.com\/original\/11ad80\/d004449b4db19cd07a30d01d5372\/2x-VREDESTEIN-245-45R19-102W-Quatrac-PRO-EV-XL-FSL-caloroczne-2024-r-Szerokosc-opony-245-mm 1440w,https:\/\/a.allegroimg.com\/original\/11ad80\/d004449b4db19cd07a30d01d5372\/2x-VREDESTEIN-245-45R19-102W-Quatrac-PRO-EV-XL-FSL-caloroczne-2024-r-Szerokosc-opony-245-mm 2410w\" sizes=\"(min-width: 1200px) 560px, (min-width: 992px) 50vw, 100vw\" width=\"2410px\" alt=\"2x VREDESTEIN 245\/45R19 102W Quatrac PRO EV XL FSL ca\u0142oroczne 2024 r Szeroko\u015b\u0107 opony 245 mm\" style=\"max-width: 100%; height: auto; display: block; margin: 0 auto;\"><\/div>\n<\/div>\n<\/div>\n<\/div>\n<\/div>\n<div style=\"clear: both; display: block; margin: 10px 0;\">\n<div style=\"clear: both; display: block; margin: 10px 0;\">\n<h1>Vredestein<\/h1>\n<p style=\"margin: 15px 0; line-height: 1.8; clear: both; display: block; width: 100%; float: none; position: static;\">Firma Apollo Tyres ma w swojej ofercie wiele modeli opon letnich marki Vredestein z indywidualnie zaprojektowanym bie\u017cnikiem i odpowiednio dobran\u0105 mieszank\u0105 gum. Pozycje, kt\u00f3re dost\u0119pne s\u0105 w katalogu tego producenta to mi\u0119dzy innymi Sportrac 5, Ultrac Satin, Ultrac Vorti oraz Ultrac Vorti R.<\/p>\n<\/div>\n<\/div>\n<\/div>\n<\/div>\n<\/div>\n<\/div>\n<div style=\"clear: both; display: block; margin: 10px 0;\">\n","protected":false},"excerpt":{"rendered":"<p>Rok produkcji: 2024<\/p>\n<p>VREDESTEIN Quatrac PRO EV 245\/45R19 102W XL FSL EV<\/p>\n<p>G12WT4<\/p>\n<p>Data produkcji : 2024<\/p>\n<p>Indeks : 245\/45R19 COVR 102W QPEV<\/p>\n<p>Indeks no\u015bno\u015bci : 102<\/p>\n<p>Indeks pr\u0119dko\u015bci : W &#8211; 270 km\/h<\/p>\n<p>Karta informacyjna produktu : https:\/\/eprel.ec.europa.eu\/qr\/1379110<\/p>\n","protected":false},"featured_media":15675,"template":"","meta":{"_uag_custom_page_level_css":""},"product_brand":[436],"product_cat":[416,414,413,412],"product_tag":[],"class_list":{"0":"post-15674","1":"product","2":"type-product","3":"status-publish","4":"has-post-thumbnail","6":"product_brand-vredestein","7":"product_cat-caloroczne","8":"product_cat-do-samochodow-osobowych-i-suv","9":"product_cat-opony","10":"product_cat-opony-i-felgi","12":"first","13":"instock","14":"shipping-taxable","15":"purchasable","16":"product-type-simple"},"uagb_featured_image_src":{"full":["https:\/\/oponixo.shop\/tire\/wp-content\/uploads\/2026\/01\/allegro-image-15674.jpg",529,755,false],"thumbnail":["https:\/\/oponixo.shop\/tire\/wp-content\/uploads\/2026\/01\/allegro-image-15674-150x150.jpg",150,150,true],"medium":["https:\/\/oponixo.shop\/tire\/wp-content\/uploads\/2026\/01\/allegro-image-15674-210x300.jpg",210,300,true],"medium_large":["https:\/\/oponixo.shop\/tire\/wp-content\/uploads\/2026\/01\/allegro-image-15674.jpg",529,755,false],"large":["https:\/\/oponixo.shop\/tire\/wp-content\/uploads\/2026\/01\/allegro-image-15674.jpg",529,755,false],"1536x1536":["https:\/\/oponixo.shop\/tire\/wp-content\/uploads\/2026\/01\/allegro-image-15674.jpg",529,755,false],"2048x2048":["https:\/\/oponixo.shop\/tire\/wp-content\/uploads\/2026\/01\/allegro-image-15674.jpg",529,755,false],"woocommerce_thumbnail":["https:\/\/oponixo.shop\/tire\/wp-content\/uploads\/2026\/01\/allegro-image-15674-300x300.jpg",300,300,true],"woocommerce_single":["https:\/\/oponixo.shop\/tire\/wp-content\/uploads\/2026\/01\/allegro-image-15674.jpg",529,755,false],"woocommerce_gallery_thumbnail":["https:\/\/oponixo.shop\/tire\/wp-content\/uploads\/2026\/01\/allegro-image-15674-100x100.jpg",100,100,true]},"uagb_author_info":{"display_name":"admin","author_link":"https:\/\/oponixo.shop\/tire\/author\/"},"uagb_comment_info":0,"uagb_excerpt":"Rok produkcji: 2024 VREDESTEIN Quatrac PRO EV 245\/45R19 102W XL FSL EV G12WT4 Data produkcji : 2024 Indeks : 245\/45R19 COVR 102W QPEV Indeks no\u015bno\u015bci : 102 Indeks pr\u0119dko\u015bci : W - 270 km\/h Karta informacyjna produktu : https:\/\/eprel.ec.europa.eu\/qr\/1379110","_links":{"self":[{"href":"https:\/\/oponixo.shop\/tire\/wp-json\/wp\/v2\/product\/15674","targetHints":{"allow":["GET"]}}],"collection":[{"href":"https:\/\/oponixo.shop\/tire\/wp-json\/wp\/v2\/product"}],"about":[{"href":"https:\/\/oponixo.shop\/tire\/wp-json\/wp\/v2\/types\/product"}],"wp:featuredmedia":[{"embeddable":true,"href":"https:\/\/oponixo.shop\/tire\/wp-json\/wp\/v2\/media\/15675"}],"wp:attachment":[{"href":"https:\/\/oponixo.shop\/tire\/wp-json\/wp\/v2\/media?parent=15674"}],"wp:term":[{"taxonomy":"product_brand","embeddable":true,"href":"https:\/\/oponixo.shop\/tire\/wp-json\/wp\/v2\/product_brand?post=15674"},{"taxonomy":"product_cat","embeddable":true,"href":"https:\/\/oponixo.shop\/tire\/wp-json\/wp\/v2\/product_cat?post=15674"},{"taxonomy":"product_tag","embeddable":true,"href":"https:\/\/oponixo.shop\/tire\/wp-json\/wp\/v2\/product_tag?post=15674"}],"curies":[{"name":"wp","href":"https:\/\/api.w.org\/{rel}","templated":true}]}}