{"id":13890,"date":"2026-01-09T11:37:37","date_gmt":"2026-01-09T10:37:37","guid":{"rendered":"https:\/\/oponyspeed.shop\/xef5\/produkt\/2x-vredestein-quatrac-pro-225-40r18-92v-xl-fsl-2024-r\/"},"modified":"2026-01-09T11:37:37","modified_gmt":"2026-01-09T10:37:37","slug":"2x-vredestein-quatrac-pro-225-40r18-92v-xl-fsl-2024-r","status":"publish","type":"product","link":"https:\/\/oponixo.shop\/tire\/produkt\/2x-vredestein-quatrac-pro-225-40r18-92v-xl-fsl-2024-r\/","title":{"rendered":"2x VREDESTEIN Quatrac Pro+ 225\/40R18 92V XL FSL 2024 r"},"content":{"rendered":"<div style=\"font-family: Arial, sans-serif; line-height: 1.6; color: #333; padding: 20px; clear: both; display: block; width: 100%; float: none; position: static; overflow: hidden;\">\n<div style=\"clear: both; display: block; margin: 10px 0;\">\n<div style=\"clear: both; display: block; margin: 10px 0;\">\n<div style=\"clear: both; display: block; margin: 10px 0;\">\n<div  style=\"max-width:1200px;max-height:1126px\">\n<div style=\"clear: both; display: block; margin: 10px 0;\">\n<div style=\"clear: both; width: 100%; display: block; margin: 20px 0; padding: 0; float: none; position: static; text-align: center;\"><img decoding=\"async\"  src=\"https:\/\/a.allegroimg.com\/original\/11ab8d\/904121754a369af709ee488b8f35\/2x-VREDESTEIN-Quatrac-Pro-225-40R18-92V-XL-FSL-2024-r\" srcset=\"https:\/\/a.allegroimg.com\/original\/11ab8d\/904121754a369af709ee488b8f35\/2x-VREDESTEIN-Quatrac-Pro-225-40R18-92V-XL-FSL-2024-r 360w,https:\/\/a.allegroimg.com\/original\/11ab8d\/904121754a369af709ee488b8f35\/2x-VREDESTEIN-Quatrac-Pro-225-40R18-92V-XL-FSL-2024-r 720w,https:\/\/a.allegroimg.com\/original\/11ab8d\/904121754a369af709ee488b8f35\/2x-VREDESTEIN-Quatrac-Pro-225-40R18-92V-XL-FSL-2024-r 1024w,https:\/\/a.allegroimg.com\/original\/11ab8d\/904121754a369af709ee488b8f35\/2x-VREDESTEIN-Quatrac-Pro-225-40R18-92V-XL-FSL-2024-r 1200w,https:\/\/a.allegroimg.com\/original\/11ab8d\/904121754a369af709ee488b8f35\/2x-VREDESTEIN-Quatrac-Pro-225-40R18-92V-XL-FSL-2024-r 1200w\" sizes=\"(min-width: 1200px) 560px, (min-width: 992px) 50vw, 100vw\" width=\"1200px\" alt=\"2x VREDESTEIN Quatrac Pro+ 225\/40R18 92V XL FSL 2024 r\" style=\"max-width: 100%; height: auto; display: block; margin: 0 auto;\"><\/div>\n<\/div>\n<\/div>\n<\/div>\n<\/div>\n<div style=\"clear: both; display: block; margin: 10px 0;\">\n<div style=\"clear: both; display: block; margin: 10px 0;\">\n<h1>VREDESTEIN Quatrac Pro+ 225\/40R18 92V XL FSL<\/h1>\n<h2>H17JJX<\/h2>\n<\/div>\n<\/div>\n<\/div>\n<div style=\"clear: both; display: block; margin: 10px 0;\">\n<div style=\"clear: both; display: block; margin: 10px 0;\">\n<div style=\"clear: both; display: block; margin: 10px 0;\">\n<ul style=\"margin: 15px 0; padding-left: 20px; clear: both; display: block; width: 100%; float: none; position: static;\">\n<li style=\"margin: 5px 0; padding: 2px 0; clear: both; display: list-item; float: none; position: static;\"><b>Indeks :<\/b> 225\/40R18 COVR 92V QPRP<\/li>\n<li style=\"margin: 5px 0; padding: 2px 0; clear: both; display: list-item; float: none; position: static;\"><b>Szeroko\u015b\u0107 :<\/b> 225<\/li>\n<li style=\"margin: 5px 0; padding: 2px 0; clear: both; display: list-item; float: none; position: static;\"><b>Bie\u017cnik :<\/b> Quatrac Pro+<\/li>\n<li style=\"margin: 5px 0; padding: 2px 0; clear: both; display: list-item; float: none; position: static;\"><b>Kl. zew. ha\u0142asu tocz. :<\/b> B<\/li>\n<li style=\"margin: 5px 0; padding: 2px 0; clear: both; display: list-item; float: none; position: static;\"><b>Profil :<\/b> 40<\/li>\n<li style=\"margin: 5px 0; padding: 2px 0; clear: both; display: list-item; float: none; position: static;\"><b>Karta informacyjna produktu :<\/b> https:\/\/eprel.ec.europa.eu\/qr\/2389199<\/li>\n<li style=\"margin: 5px 0; padding: 2px 0; clear: both; display: list-item; float: none; position: static;\"><b>Ha\u0142as zewn\u0119trzny [dB] :<\/b> 72<\/li>\n<li style=\"margin: 5px 0; padding: 2px 0; clear: both; display: list-item; float: none; position: static;\"><b>Opona wzmocniona :<\/b> 1<\/li>\n<li style=\"margin: 5px 0; padding: 2px 0; clear: both; display: list-item; float: none; position: static;\"><b>Typ (konstrukcja) :<\/b> [R]-Radialna<\/li>\n<li style=\"margin: 5px 0; padding: 2px 0; clear: both; display: list-item; float: none; position: static;\"><b>Sezon :<\/b> Ca\u0142oroczna<\/li>\n<li style=\"margin: 5px 0; padding: 2px 0; clear: both; display: list-item; float: none; position: static;\"><b>Dedykowana o\u015b :<\/b> Prz\u00f3d\/Ty\u0142<\/li>\n<li style=\"margin: 5px 0; padding: 2px 0; clear: both; display: list-item; float: none; position: static;\"><b>Typ opony :<\/b> Opona osobowa<\/li>\n<li style=\"margin: 5px 0; padding: 2px 0; clear: both; display: list-item; float: none; position: static;\"><b>Przeznaczenie :<\/b> Opony osobowe, SUV\/4&#215;4<\/li>\n<li style=\"margin: 5px 0; padding: 2px 0; clear: both; display: list-item; float: none; position: static;\"><b>Kod EAN :<\/b> 8714692984204<\/li>\n<li style=\"margin: 5px 0; padding: 2px 0; clear: both; display: list-item; float: none; position: static;\"><b>Kod producenta :<\/b> 8714692984204<\/li>\n<li style=\"margin: 5px 0; padding: 2px 0; clear: both; display: list-item; float: none; position: static;\"><b>Rant ochronny :<\/b> 1<\/li>\n<li style=\"margin: 5px 0; padding: 2px 0; clear: both; display: list-item; float: none; position: static;\"><b>Przyczepno\u015b\u0107 na \u015bniegu :<\/b> 1<\/li>\n<li style=\"margin: 5px 0; padding: 2px 0; clear: both; display: list-item; float: none; position: static;\"><b>Typ rantu ochronnego :<\/b> FSL<\/li>\n<li style=\"margin: 5px 0; padding: 2px 0; clear: both; display: list-item; float: none; position: static;\"><b>Indeks no\u015bno\u015bci :<\/b> 92 = 630 kg<\/li>\n<li style=\"margin: 5px 0; padding: 2px 0; clear: both; display: list-item; float: none; position: static;\"><b>Typ wzmocnienia :<\/b> XL<\/li>\n<li style=\"margin: 5px 0; padding: 2px 0; clear: both; display: list-item; float: none; position: static;\"><b>Opory toczenia :<\/b> D<\/li>\n<li style=\"margin: 5px 0; padding: 2px 0; clear: both; display: list-item; float: none; position: static;\"><b>Marka :<\/b> VREDESTEIN<\/li>\n<li style=\"margin: 5px 0; padding: 2px 0; clear: both; display: list-item; float: none; position: static;\"><b>Oznaczenie M+S :<\/b> M+S, 3PMSF<\/li>\n<li style=\"margin: 5px 0; padding: 2px 0; clear: both; display: list-item; float: none; position: static;\"><b>Klasa :<\/b> Premium<\/li>\n<li style=\"margin: 5px 0; padding: 2px 0; clear: both; display: list-item; float: none; position: static;\"><b>Indeks pr\u0119dko\u015bci :<\/b> V &#8211; &lt;240 km\/h<\/li>\n<li style=\"margin: 5px 0; padding: 2px 0; clear: both; display: list-item; float: none; position: static;\"><b>Rozmiar :<\/b> 225\/40R18<\/li>\n<li style=\"margin: 5px 0; padding: 2px 0; clear: both; display: list-item; float: none; position: static;\"><b>Przyczepno\u015b\u0107 na mokrej nawierzchni :<\/b> B<\/li>\n<li style=\"margin: 5px 0; padding: 2px 0; clear: both; display: list-item; float: none; position: static;\"><b>D\u0119tka :<\/b> TL<\/li>\n<li style=\"margin: 5px 0; padding: 2px 0; clear: both; display: list-item; float: none; position: static;\"><b>Klasa opony :<\/b> C1<\/li>\n<li style=\"margin: 5px 0; padding: 2px 0; clear: both; display: list-item; float: none; position: static;\"><b>\u015arednica :<\/b> 18<\/li>\n<\/ul>\n<\/div>\n<\/div>\n<\/div>\n<div style=\"clear: both; display: block; margin: 10px 0;\">\n<div style=\"clear: both; display: block; margin: 10px 0;\">\n<div style=\"clear: both; display: block; margin: 10px 0;\">\n<div  style=\"max-width:2410px;max-height:451px\">\n<div style=\"clear: both; display: block; margin: 10px 0;\">\n<div style=\"clear: both; width: 100%; display: block; margin: 20px 0; padding: 0; float: none; position: static; text-align: center;\"><img decoding=\"async\"  src=\"https:\/\/a.allegroimg.com\/original\/11ad80\/d004449b4db19cd07a30d01d5372\/2x-VREDESTEIN-Quatrac-Pro-225-40R18-92V-XL-FSL-2024-r-Srednica-18\" srcset=\"https:\/\/a.allegroimg.com\/original\/11ad80\/d004449b4db19cd07a30d01d5372\/2x-VREDESTEIN-Quatrac-Pro-225-40R18-92V-XL-FSL-2024-r-Srednica-18 360w,https:\/\/a.allegroimg.com\/original\/11ad80\/d004449b4db19cd07a30d01d5372\/2x-VREDESTEIN-Quatrac-Pro-225-40R18-92V-XL-FSL-2024-r-Srednica-18 720w,https:\/\/a.allegroimg.com\/original\/11ad80\/d004449b4db19cd07a30d01d5372\/2x-VREDESTEIN-Quatrac-Pro-225-40R18-92V-XL-FSL-2024-r-Srednica-18 1024w,https:\/\/a.allegroimg.com\/original\/11ad80\/d004449b4db19cd07a30d01d5372\/2x-VREDESTEIN-Quatrac-Pro-225-40R18-92V-XL-FSL-2024-r-Srednica-18 1440w,https:\/\/a.allegroimg.com\/original\/11ad80\/d004449b4db19cd07a30d01d5372\/2x-VREDESTEIN-Quatrac-Pro-225-40R18-92V-XL-FSL-2024-r-Srednica-18 2410w\" sizes=\"(min-width: 1200px) 560px, (min-width: 992px) 50vw, 100vw\" width=\"2410px\" alt=\"2x VREDESTEIN Quatrac Pro+ 225\/40R18 92V XL FSL 2024 r \u015arednica 18&quot;\" style=\"max-width: 100%; height: auto; display: block; margin: 0 auto;\"><\/div>\n<\/div>\n<\/div>\n<\/div>\n<\/div>\n<div style=\"clear: both; display: block; margin: 10px 0;\">\n<div style=\"clear: both; display: block; margin: 10px 0;\">\n<h1>Vredestein<\/h1>\n<p style=\"margin: 15px 0; line-height: 1.8; clear: both; display: block; width: 100%; float: none; position: static;\">Firma Apollo Tyres ma w swojej ofercie wiele modeli opon letnich marki Vredestein z indywidualnie zaprojektowanym bie\u017cnikiem i odpowiednio dobran\u0105 mieszank\u0105 gum. Pozycje, kt\u00f3re dost\u0119pne s\u0105 w katalogu tego producenta to mi\u0119dzy innymi Sportrac 5, Ultrac Satin, Ultrac Vorti oraz Ultrac Vorti R.<\/p>\n<\/div>\n<\/div>\n<\/div>\n<\/div>\n<\/div>\n<\/div>\n<div style=\"clear: both; display: block; margin: 10px 0;\">\n","protected":false},"excerpt":{"rendered":"<p>VREDESTEIN Quatrac Pro+ 225\/40R18 92V XL FSL<\/p>\n<p>H17JJX<\/p>\n<p>Indeks : 225\/40R18 COVR 92V QPRP<\/p>\n<p>Szeroko\u015b\u0107 : 225<\/p>\n<p>Bie\u017cnik : Quatrac Pro+<\/p>\n<p>Kl. zew. ha\u0142asu tocz. : B<\/p>\n<p>Profil : 40<\/p>\n<p>Karta informacyjna produktu : https:\/\/eprel.ec.europa.eu\/qr\/2389199<\/p>\n","protected":false},"featured_media":13891,"template":"","meta":{"_uag_custom_page_level_css":""},"product_brand":[436],"product_cat":[416,414,413,412],"product_tag":[],"class_list":{"0":"post-13890","1":"product","2":"type-product","3":"status-publish","4":"has-post-thumbnail","6":"product_brand-vredestein","7":"product_cat-caloroczne","8":"product_cat-do-samochodow-osobowych-i-suv","9":"product_cat-opony","10":"product_cat-opony-i-felgi","12":"first","13":"instock","14":"shipping-taxable","15":"purchasable","16":"product-type-simple"},"uagb_featured_image_src":{"full":["https:\/\/oponixo.shop\/tire\/wp-content\/uploads\/2026\/01\/allegro-image-13890.jpg",1200,1126,false],"thumbnail":["https:\/\/oponixo.shop\/tire\/wp-content\/uploads\/2026\/01\/allegro-image-13890-150x150.jpg",150,150,true],"medium":["https:\/\/oponixo.shop\/tire\/wp-content\/uploads\/2026\/01\/allegro-image-13890-300x282.jpg",300,282,true],"medium_large":["https:\/\/oponixo.shop\/tire\/wp-content\/uploads\/2026\/01\/allegro-image-13890-768x721.jpg",768,721,true],"large":["https:\/\/oponixo.shop\/tire\/wp-content\/uploads\/2026\/01\/allegro-image-13890-1024x961.jpg",1024,961,true],"1536x1536":["https:\/\/oponixo.shop\/tire\/wp-content\/uploads\/2026\/01\/allegro-image-13890.jpg",1200,1126,false],"2048x2048":["https:\/\/oponixo.shop\/tire\/wp-content\/uploads\/2026\/01\/allegro-image-13890.jpg",1200,1126,false],"woocommerce_thumbnail":["https:\/\/oponixo.shop\/tire\/wp-content\/uploads\/2026\/01\/allegro-image-13890-300x300.jpg",300,300,true],"woocommerce_single":["https:\/\/oponixo.shop\/tire\/wp-content\/uploads\/2026\/01\/allegro-image-13890-600x563.jpg",600,563,true],"woocommerce_gallery_thumbnail":["https:\/\/oponixo.shop\/tire\/wp-content\/uploads\/2026\/01\/allegro-image-13890-100x100.jpg",100,100,true]},"uagb_author_info":{"display_name":"admin","author_link":"https:\/\/oponixo.shop\/tire\/author\/"},"uagb_comment_info":0,"uagb_excerpt":"VREDESTEIN Quatrac Pro+ 225\/40R18 92V XL FSL H17JJX Indeks : 225\/40R18 COVR 92V QPRP Szeroko\u015b\u0107 : 225 Bie\u017cnik : Quatrac Pro+ Kl. zew. ha\u0142asu tocz. : B Profil : 40 Karta informacyjna produktu : https:\/\/eprel.ec.europa.eu\/qr\/2389199","_links":{"self":[{"href":"https:\/\/oponixo.shop\/tire\/wp-json\/wp\/v2\/product\/13890","targetHints":{"allow":["GET"]}}],"collection":[{"href":"https:\/\/oponixo.shop\/tire\/wp-json\/wp\/v2\/product"}],"about":[{"href":"https:\/\/oponixo.shop\/tire\/wp-json\/wp\/v2\/types\/product"}],"wp:featuredmedia":[{"embeddable":true,"href":"https:\/\/oponixo.shop\/tire\/wp-json\/wp\/v2\/media\/13891"}],"wp:attachment":[{"href":"https:\/\/oponixo.shop\/tire\/wp-json\/wp\/v2\/media?parent=13890"}],"wp:term":[{"taxonomy":"product_brand","embeddable":true,"href":"https:\/\/oponixo.shop\/tire\/wp-json\/wp\/v2\/product_brand?post=13890"},{"taxonomy":"product_cat","embeddable":true,"href":"https:\/\/oponixo.shop\/tire\/wp-json\/wp\/v2\/product_cat?post=13890"},{"taxonomy":"product_tag","embeddable":true,"href":"https:\/\/oponixo.shop\/tire\/wp-json\/wp\/v2\/product_tag?post=13890"}],"curies":[{"name":"wp","href":"https:\/\/api.w.org\/{rel}","templated":true}]}}