{"id":13316,"date":"2026-01-06T11:18:39","date_gmt":"2026-01-06T10:18:39","guid":{"rendered":"https:\/\/oponyprofi.shop\/xef5\/produkt\/4x-vredestein-wintrac-pro-275-35r22-315-30r22-zestaw-zima-opony-zimowe\/"},"modified":"2026-01-17T14:20:14","modified_gmt":"2026-01-17T13:20:14","slug":"4x-vredestein-wintrac-pro-275-35r22-315-30r22-zestaw-zima-opony-zimowe","status":"publish","type":"product","link":"https:\/\/oponixo.shop\/tire\/produkt\/4x-vredestein-wintrac-pro-275-35r22-315-30r22-zestaw-zima-opony-zimowe\/","title":{"rendered":"4x Vredestein Wintrac Pro + 275\/35R22 + 315\/30R22 Zestaw Zima Opony Zimowe"},"content":{"rendered":"<div style=\"font-family: Arial, sans-serif; line-height: 1.6; color: #333; padding: 20px; clear: both; display: block; width: 100%; float: none; position: static; overflow: hidden;\">\n<div style=\"clear: both; display: block; margin: 10px 0;\">\n<div style=\"clear: both; display: block; margin: 10px 0;\">\n<div style=\"clear: both; display: block; margin: 10px 0;\">\n<h3 style=\"color: #2c5aa0; font-size: 18px; margin: 30px 0 15px 0; font-weight: bold; clear: both; display: block; width: 100%; float: none; position: static;\">Vredestein Wintrac Pro Plus &nbsp; &#8211; Opony zimowe,<\/h3>\n<h3 style=\"color: #2c5aa0; font-size: 18px; margin: 30px 0 15px 0; font-weight: bold; clear: both; display: block; width: 100%; float: none; position: static;\">Zestaw: 2x 275\/35 R22 + 2x 315\/30 R22<\/h3>\n<ul style=\"margin: 15px 0; padding-left: 20px; clear: both; display: block; width: 100%; float: none; position: static;\">\n<li style=\"margin: 5px 0; padding: 2px 0; clear: both; display: list-item; float: none; position: static;\">Opony fabrycznie nowe<\/li>\n<\/ul>\n<ul style=\"margin: 15px 0; padding-left: 20px; clear: both; display: block; width: 100%; float: none; position: static;\">\n<li style=\"margin: 5px 0; padding: 2px 0; clear: both; display: list-item; float: none; position: static;\"><b>Rok produkcji opon &#8211; 2025<\/b><\/li>\n<\/ul>\n<ul style=\"margin: 15px 0; padding-left: 20px; clear: both; display: block; width: 100%; float: none; position: static;\">\n<li style=\"margin: 5px 0; padding: 2px 0; clear: both; display: list-item; float: none; position: static;\">Indeks no\u015bno\u015bci i pr\u0119dko\u015bci &#8211; 104Y XL + 107Y XL<\/li>\n<\/ul>\n<ul style=\"margin: 15px 0; padding-left: 20px; clear: both; display: block; width: 100%; float: none; position: static;\">\n<li style=\"margin: 5px 0; padding: 2px 0; clear: both; display: list-item; float: none; position: static;\">Do ka\u017cdego zam\u00f3wienia do\u0142\u0105czamy dokument sprzeda\u017cy<\/li>\n<\/ul>\n<\/div>\n<\/div>\n<div style=\"clear: both; display: block; margin: 10px 0;\">\n<div style=\"clear: both; display: block; margin: 10px 0;\">\n<div  style=\"max-width:1860px;max-height:1720px\">\n<div style=\"clear: both; display: block; margin: 10px 0;\">\n<div style=\"clear: both; width: 100%; display: block; margin: 20px 0; padding: 0; float: none; position: static; text-align: center;\"><img decoding=\"async\"  src=\"https:\/\/a.allegroimg.com\/original\/11b0c6\/041ac19645b9a2e5dd89b5f9996e\/4x-Vredestein-Wintrac-Pro-275-35R22-315-30R22-Zestaw-Zima-Opony-Zimowe\" srcset=\"https:\/\/a.allegroimg.com\/original\/11b0c6\/041ac19645b9a2e5dd89b5f9996e\/4x-Vredestein-Wintrac-Pro-275-35R22-315-30R22-Zestaw-Zima-Opony-Zimowe 360w,https:\/\/a.allegroimg.com\/original\/11b0c6\/041ac19645b9a2e5dd89b5f9996e\/4x-Vredestein-Wintrac-Pro-275-35R22-315-30R22-Zestaw-Zima-Opony-Zimowe 720w,https:\/\/a.allegroimg.com\/original\/11b0c6\/041ac19645b9a2e5dd89b5f9996e\/4x-Vredestein-Wintrac-Pro-275-35R22-315-30R22-Zestaw-Zima-Opony-Zimowe 1024w,https:\/\/a.allegroimg.com\/original\/11b0c6\/041ac19645b9a2e5dd89b5f9996e\/4x-Vredestein-Wintrac-Pro-275-35R22-315-30R22-Zestaw-Zima-Opony-Zimowe 1440w,https:\/\/a.allegroimg.com\/original\/11b0c6\/041ac19645b9a2e5dd89b5f9996e\/4x-Vredestein-Wintrac-Pro-275-35R22-315-30R22-Zestaw-Zima-Opony-Zimowe 1860w\" sizes=\"(min-width: 1200px) 560px, (min-width: 992px) 50vw, 100vw\" width=\"1860px\" alt=\"4x Vredestein Wintrac Pro + 275\/35R22 + 315\/30R22 Zestaw Zima Opony Zimowe\" style=\"max-width: 100%; height: auto; display: block; margin: 0 auto;\"><\/div>\n<\/div>\n<\/div>\n<\/div>\n<\/div>\n<\/div>\n<\/div>\n<\/div>\n<\/div>\n<div style=\"clear: both; display: block; margin: 10px 0;\">\n","protected":false},"excerpt":{"rendered":"<p>Vredestein Wintrac Pro Plus &nbsp; &#8211; Opony zimowe,<\/p>\n<p>Zestaw: 2x 275\/35 R22 + 2x 315\/30 R22<\/p>\n<p>Opony fabrycznie nowe<\/p>\n<p>Rok produkcji opon &#8211; 2025<\/p>\n<p>Indeks no\u015bno\u015bci i pr\u0119dko\u015bci &#8211; 104Y XL + 107Y XL<\/p>\n<p>Do ka\u017cdego zam\u00f3wienia do\u0142\u0105czamy dokument sprzeda\u017cy<\/p>\n","protected":false},"featured_media":13317,"template":"","meta":{"_uag_custom_page_level_css":""},"product_brand":[436],"product_cat":[414,413,412,415],"product_tag":[],"class_list":{"0":"post-13316","1":"product","2":"type-product","3":"status-publish","4":"has-post-thumbnail","6":"product_brand-vredestein","7":"product_cat-do-samochodow-osobowych-i-suv","8":"product_cat-opony","9":"product_cat-opony-i-felgi","10":"product_cat-zimowe","12":"first","13":"instock","14":"sale","15":"shipping-taxable","16":"purchasable","17":"product-type-simple"},"uagb_featured_image_src":{"full":["https:\/\/oponixo.shop\/tire\/wp-content\/uploads\/2026\/01\/allegro-image-13316.jpg",1860,1720,false],"thumbnail":["https:\/\/oponixo.shop\/tire\/wp-content\/uploads\/2026\/01\/allegro-image-13316-150x150.jpg",150,150,true],"medium":["https:\/\/oponixo.shop\/tire\/wp-content\/uploads\/2026\/01\/allegro-image-13316-300x277.jpg",300,277,true],"medium_large":["https:\/\/oponixo.shop\/tire\/wp-content\/uploads\/2026\/01\/allegro-image-13316-768x710.jpg",768,710,true],"large":["https:\/\/oponixo.shop\/tire\/wp-content\/uploads\/2026\/01\/allegro-image-13316-1024x947.jpg",1024,947,true],"1536x1536":["https:\/\/oponixo.shop\/tire\/wp-content\/uploads\/2026\/01\/allegro-image-13316-1536x1420.jpg",1536,1420,true],"2048x2048":["https:\/\/oponixo.shop\/tire\/wp-content\/uploads\/2026\/01\/allegro-image-13316.jpg",1860,1720,false],"woocommerce_thumbnail":["https:\/\/oponixo.shop\/tire\/wp-content\/uploads\/2026\/01\/allegro-image-13316-300x300.jpg",300,300,true],"woocommerce_single":["https:\/\/oponixo.shop\/tire\/wp-content\/uploads\/2026\/01\/allegro-image-13316-600x555.jpg",600,555,true],"woocommerce_gallery_thumbnail":["https:\/\/oponixo.shop\/tire\/wp-content\/uploads\/2026\/01\/allegro-image-13316-100x100.jpg",100,100,true]},"uagb_author_info":{"display_name":"admin","author_link":"https:\/\/oponixo.shop\/tire\/author\/"},"uagb_comment_info":0,"uagb_excerpt":"Vredestein Wintrac Pro Plus &nbsp; - Opony zimowe, Zestaw: 2x 275\/35 R22 + 2x 315\/30 R22 Opony fabrycznie nowe Rok produkcji opon - 2025 Indeks no\u015bno\u015bci i pr\u0119dko\u015bci - 104Y XL + 107Y XL Do ka\u017cdego zam\u00f3wienia do\u0142\u0105czamy dokument sprzeda\u017cy","_links":{"self":[{"href":"https:\/\/oponixo.shop\/tire\/wp-json\/wp\/v2\/product\/13316","targetHints":{"allow":["GET"]}}],"collection":[{"href":"https:\/\/oponixo.shop\/tire\/wp-json\/wp\/v2\/product"}],"about":[{"href":"https:\/\/oponixo.shop\/tire\/wp-json\/wp\/v2\/types\/product"}],"wp:featuredmedia":[{"embeddable":true,"href":"https:\/\/oponixo.shop\/tire\/wp-json\/wp\/v2\/media\/13317"}],"wp:attachment":[{"href":"https:\/\/oponixo.shop\/tire\/wp-json\/wp\/v2\/media?parent=13316"}],"wp:term":[{"taxonomy":"product_brand","embeddable":true,"href":"https:\/\/oponixo.shop\/tire\/wp-json\/wp\/v2\/product_brand?post=13316"},{"taxonomy":"product_cat","embeddable":true,"href":"https:\/\/oponixo.shop\/tire\/wp-json\/wp\/v2\/product_cat?post=13316"},{"taxonomy":"product_tag","embeddable":true,"href":"https:\/\/oponixo.shop\/tire\/wp-json\/wp\/v2\/product_tag?post=13316"}],"curies":[{"name":"wp","href":"https:\/\/api.w.org\/{rel}","templated":true}]}}