{"id":12740,"date":"2026-01-04T02:47:50","date_gmt":"2026-01-04T01:47:50","guid":{"rendered":"https:\/\/oponyexpert.shop\/xef5\/produkt\/2x-vredestein-265-45r20-108y-quatrac-pro-xl-fsl-caloroczne-2024-r\/"},"modified":"2026-01-04T02:47:51","modified_gmt":"2026-01-04T01:47:51","slug":"2x-vredestein-265-45r20-108y-quatrac-pro-xl-fsl-caloroczne-2024-r","status":"publish","type":"product","link":"https:\/\/oponixo.shop\/tire\/produkt\/2x-vredestein-265-45r20-108y-quatrac-pro-xl-fsl-caloroczne-2024-r\/","title":{"rendered":"2x VREDESTEIN 265\/45R20 108Y Quatrac Pro+ XL FSL ca\u0142oroczne 2024 r"},"content":{"rendered":"<div style=\"font-family: Arial, sans-serif; line-height: 1.6; color: #333; padding: 20px; clear: both; display: block; width: 100%; float: none; position: static; overflow: hidden;\">\n<div style=\"clear: both; display: block; margin: 10px 0;\">\n<div style=\"clear: both; display: block; margin: 10px 0;\">\n<div style=\"clear: both; display: block; margin: 10px 0;\">\n<h1>Rok produkcji: 2024<\/h1>\n<\/div>\n<\/div>\n<\/div>\n<div style=\"clear: both; display: block; margin: 10px 0;\">\n<div style=\"clear: both; display: block; margin: 10px 0;\">\n<div style=\"clear: both; display: block; margin: 10px 0;\">\n<div  style=\"max-width:1200px;max-height:1126px\">\n<div style=\"clear: both; display: block; margin: 10px 0;\">\n<div style=\"clear: both; width: 100%; display: block; margin: 20px 0; padding: 0; float: none; position: static; text-align: center;\"><img decoding=\"async\"  src=\"https:\/\/a.allegroimg.com\/original\/11ab8d\/904121754a369af709ee488b8f35\/2x-VREDESTEIN-265-45R20-108Y-Quatrac-Pro-XL-FSL-caloroczne-2024-r\" srcset=\"https:\/\/a.allegroimg.com\/original\/11ab8d\/904121754a369af709ee488b8f35\/2x-VREDESTEIN-265-45R20-108Y-Quatrac-Pro-XL-FSL-caloroczne-2024-r 360w,https:\/\/a.allegroimg.com\/original\/11ab8d\/904121754a369af709ee488b8f35\/2x-VREDESTEIN-265-45R20-108Y-Quatrac-Pro-XL-FSL-caloroczne-2024-r 720w,https:\/\/a.allegroimg.com\/original\/11ab8d\/904121754a369af709ee488b8f35\/2x-VREDESTEIN-265-45R20-108Y-Quatrac-Pro-XL-FSL-caloroczne-2024-r 1024w,https:\/\/a.allegroimg.com\/original\/11ab8d\/904121754a369af709ee488b8f35\/2x-VREDESTEIN-265-45R20-108Y-Quatrac-Pro-XL-FSL-caloroczne-2024-r 1200w,https:\/\/a.allegroimg.com\/original\/11ab8d\/904121754a369af709ee488b8f35\/2x-VREDESTEIN-265-45R20-108Y-Quatrac-Pro-XL-FSL-caloroczne-2024-r 1200w\" sizes=\"(min-width: 1200px) 560px, (min-width: 992px) 50vw, 100vw\" width=\"1200px\" alt=\"2x VREDESTEIN 265\/45R20 108Y Quatrac Pro+ XL FSL ca\u0142oroczne 2024 r\"\/ style=\"max-width: 100%; height: auto; display: block; margin: 0 auto;\"><\/div>\n<\/div>\n<\/div>\n<\/div>\n<\/div>\n<div style=\"clear: both; display: block; margin: 10px 0;\">\n<div style=\"clear: both; display: block; margin: 10px 0;\">\n<h1>VREDESTEIN Quatrac Pro+ 265\/45R20 108Y XL FSL<\/h1>\n<h2>G150SL<\/h2>\n<ul style=\"margin: 15px 0; padding-left: 20px; clear: both; display: block; width: 100%; float: none; position: static;\">\n<li style=\"margin: 5px 0; padding: 2px 0; clear: both; display: list-item; float: none; position: static;\"><b>Data produkcji :<\/b> 2024<\/li>\n<li style=\"margin: 5px 0; padding: 2px 0; clear: both; display: list-item; float: none; position: static;\"><b>Indeks :<\/b> 265\/45R20 CTVR 108Y QP+<\/li>\n<li style=\"margin: 5px 0; padding: 2px 0; clear: both; display: list-item; float: none; position: static;\"><b>Indeks no\u015bno\u015bci :<\/b> 108<\/li>\n<li style=\"margin: 5px 0; padding: 2px 0; clear: both; display: list-item; float: none; position: static;\"><b>Indeks pr\u0119dko\u015bci :<\/b> Y &#8211; 300 km\/h<\/li>\n<li style=\"margin: 5px 0; padding: 2px 0; clear: both; display: list-item; float: none; position: static;\"><b>Klasa opony :<\/b> premium<\/li>\n<li style=\"margin: 5px 0; padding: 2px 0; clear: both; display: list-item; float: none; position: static;\"><b>Kod EAN :<\/b> 8714692810268<\/li>\n<li style=\"margin: 5px 0; padding: 2px 0; clear: both; display: list-item; float: none; position: static;\"><b>Kod producenta :<\/b> 8714692810268<\/li>\n<li style=\"margin: 5px 0; padding: 2px 0; clear: both; display: list-item; float: none; position: static;\"><b>Model bie\u017cnika :<\/b> Quatrac Pro+<\/li>\n<li style=\"margin: 5px 0; padding: 2px 0; clear: both; display: list-item; float: none; position: static;\"><b>Nazwa produktu :<\/b> VREDESTEIN 265\/45R20 108Y Quatrac Pro+ XL FSL ca\u0142oroczne<\/li>\n<li style=\"margin: 5px 0; padding: 2px 0; clear: both; display: list-item; float: none; position: static;\"><b>No\u015bno\u015b\u0107 opony :<\/b> XL<\/li>\n<li style=\"margin: 5px 0; padding: 2px 0; clear: both; display: list-item; float: none; position: static;\"><b>Producent :<\/b> VREDESTEIN<\/li>\n<li style=\"margin: 5px 0; padding: 2px 0; clear: both; display: list-item; float: none; position: static;\"><b>Profil :<\/b> 45<\/li>\n<li style=\"margin: 5px 0; padding: 2px 0; clear: both; display: list-item; float: none; position: static;\"><b>Przeznaczenie :<\/b> samochody osobowe\/SUV\/4&#215;4<\/li>\n<li style=\"margin: 5px 0; padding: 2px 0; clear: both; display: list-item; float: none; position: static;\"><b>Rant opony :<\/b> FSL<\/li>\n<li style=\"margin: 5px 0; padding: 2px 0; clear: both; display: list-item; float: none; position: static;\"><b>Sezon :<\/b> ca\u0142oroczna<\/li>\n<li style=\"margin: 5px 0; padding: 2px 0; clear: both; display: list-item; float: none; position: static;\"><b>\u015arednica :<\/b> 20&#8243;<\/li>\n<li style=\"margin: 5px 0; padding: 2px 0; clear: both; display: list-item; float: none; position: static;\"><b>Szeroko\u015b\u0107 :<\/b> 265<\/li>\n<\/ul>\n<\/div>\n<\/div>\n<\/div>\n<div style=\"clear: both; display: block; margin: 10px 0;\">\n<div style=\"clear: both; display: block; margin: 10px 0;\">\n<div style=\"clear: both; display: block; margin: 10px 0;\">\n<p style=\"margin: 15px 0; line-height: 1.8; clear: both; display: block; width: 100%; float: none; position: static;\"> Najlepsze rozwi\u0105zaniem na ka\u017cd\u0105 por\u0119 roku? Opony ca\u0142oroczne Vredestein Quatrac Pro + Jako kierowca zapewne dostrzegasz, \u017ce ka\u017cda pora roku przynosi ze sob\u0105 unikalne wyzwania na drodze. W lecie, intensywne s\u0142o\u0144ce mo\u017ce powodowa\u0107 przegrzewanie si\u0119 opon i mniejsz\u0105 kontrol\u0119 na drodze, podczas gdy zima przynosi ze sob\u0105 \u015bnieg i l\u00f3d, kt\u00f3re zdecydowanie utrudniaj\u0105 prowadzenie pojazdu. Nawet przej\u015bciowe pory roku, takie jak wiosna i jesie\u0144, mog\u0105 przynie\u015b\u0107 niespodziewane zmiany warunk\u00f3w pogodowych, kt\u00f3re mog\u0105 zaskoczy\u0107 nawet najbardziej do\u015bwiadczonych z nas. Czy nie by\u0142oby wspaniale, gdyby istnia\u0142 produkt, kt\u00f3ry m\u00f3g\u0142by pom\u00f3c Ci bezpiecznie i pewnie prowadzi\u0107 pojazd przez ca\u0142y rok, niezale\u017cnie od warunk\u00f3w pogodowych? Opony ca\u0142oroczne Vredestein Quatrac Pro +, czyli rozwi\u0105zanie na ka\u017cd\u0105 por\u0119 roku Spo\u015br\u00f3d wielu opon dost\u0119pnych na rynku, opony ca\u0142oroczne Vredestein Quatrac Pro + wybijaj\u0105 si\u0119 na pierwszy plan jako rozwi\u0105zanie tych wyzwa\u0144. Te opony, zaprojektowane z my\u015bl\u0105 o bezpiecze\u0144stwie i wydajno\u015bci w ka\u017cdym sezonie, stanowi\u0105 idealne rozwi\u0105zanie dla kierowc\u00f3w, kt\u00f3rzy pragn\u0105 bezproblemowej jazdy przez ca\u0142y rok. G\u0142\u00f3wn\u0105 cech\u0105 opon ca\u0142orocznych Vredestein Quatrac Pro + jest innowacyjna technologia. Zastosowanie specjalnej mieszanki: odporna na niskie temperatury krzemionka oraz \u017cywica, zapewniaj\u0105 doskona\u0142e zachowanie opon niezale\u017cnie od pogody. Dzi\u0119ki temu s\u0105 one w stanie utrzyma\u0107 swoje parametry zar\u00f3wno podczas upalnego lata, jak i mro\u017anej zimy. Do\u015bwiadczenia kierowc\u00f3w potwierdzaj\u0105 skuteczno\u015b\u0107 Opony ca\u0142oroczne Vredestein Quatrac Pro + Wiele os\u00f3b, kt\u00f3re zdecydowa\u0142o si\u0119 na opony ca\u0142oroczne Vredestein Quatrac Pro + odczu\u0142o r\u00f3\u017cnic\u0119. Zauwa\u017cyli wi\u0119kszy poziom bezpiecze\u0144stwa podczas jazdy na drogach pokrytych \u015bniegiem oraz lepsz\u0105 przyczepno\u015b\u0107 przy wy\u017cszych temperaturach. Jednocze\u015bnie docenili oni wydajniejsze odprowadzanie wody, kt\u00f3re zwi\u0119ksza bezpiecze\u0144stwo jazdy na mokrej nawierzchni, nawet przy wysokich pr\u0119dko\u015bciach. Dlaczego opony ca\u0142oroczne Vredestein Quatrac Pro + s\u0105 dla Ciebie? Odpowied\u017a jest prosta: opony ca\u0142oroczne Vredestein Quatrac Pro + to wyb\u00f3r, kt\u00f3ry przyniesie Ci bezpiecze\u0144stwo, komfort i doskona\u0142e osi\u0105gi przez ca\u0142y rok. Bez wzgl\u0119du na warunki pogodowe, te opony zapewni\u0105 Ci pewno\u015b\u0107 prowadzenia i zabezpiecz\u0105 przed nieprzewidywalnymi warunkami na drodze. Nie czekaj, zdecyduj si\u0119 na Opony ca\u0142oroczne Vredestein Quatrac Pro + Inwestycja w opony ca\u0142oroczne Vredestein Quatrac Pro + to decyzja, kt\u00f3ra przyniesie Ci bezpiecze\u0144stwo, wydajno\u015b\u0107 i spok\u00f3j ducha przez ca\u0142y rok. Dlaczego mia\u0142by\u015b si\u0119 martwi\u0107 nieprzewidywalnymi warunkami pogodowymi, skoro mo\u017cesz by\u0107 na nie przygotowany z Quatrac Pro +? Wybierz komfort, bezpiecze\u0144stwo i doskona\u0142e osi\u0105gi &#8211; wybierz opony ca\u0142oroczne Vredestein! <\/p>\n<\/div>\n<\/div>\n<div style=\"clear: both; display: block; margin: 10px 0;\">\n<div style=\"clear: both; display: block; margin: 10px 0;\">\n<div  style=\"max-width:886px;max-height:1299px\">\n<div style=\"clear: both; display: block; margin: 10px 0;\">\n<div style=\"clear: both; width: 100%; display: block; margin: 20px 0; padding: 0; float: none; position: static; text-align: center;\"><img decoding=\"async\"  src=\"https:\/\/a.allegroimg.com\/original\/11f616\/b6d538714bef8f443cbd657e6439\/2x-VREDESTEIN-265-45R20-108Y-Quatrac-Pro-XL-FSL-caloroczne-2024-r-Marka-Vredestein\" srcset=\"https:\/\/a.allegroimg.com\/original\/11f616\/b6d538714bef8f443cbd657e6439\/2x-VREDESTEIN-265-45R20-108Y-Quatrac-Pro-XL-FSL-caloroczne-2024-r-Marka-Vredestein 245w,https:\/\/a.allegroimg.com\/original\/11f616\/b6d538714bef8f443cbd657e6439\/2x-VREDESTEIN-265-45R20-108Y-Quatrac-Pro-XL-FSL-caloroczne-2024-r-Marka-Vredestein 491w,https:\/\/a.allegroimg.com\/original\/11f616\/b6d538714bef8f443cbd657e6439\/2x-VREDESTEIN-265-45R20-108Y-Quatrac-Pro-XL-FSL-caloroczne-2024-r-Marka-Vredestein 698w,https:\/\/a.allegroimg.com\/original\/11f616\/b6d538714bef8f443cbd657e6439\/2x-VREDESTEIN-265-45R20-108Y-Quatrac-Pro-XL-FSL-caloroczne-2024-r-Marka-Vredestein 886w,https:\/\/a.allegroimg.com\/original\/11f616\/b6d538714bef8f443cbd657e6439\/2x-VREDESTEIN-265-45R20-108Y-Quatrac-Pro-XL-FSL-caloroczne-2024-r-Marka-Vredestein 886w\" sizes=\"(min-width: 1200px) 560px, (min-width: 992px) 50vw, 100vw\" width=\"886px\" alt=\"2x VREDESTEIN 265\/45R20 108Y Quatrac Pro+ XL FSL ca\u0142oroczne 2024 r Marka Vredestein\"\/ style=\"max-width: 100%; height: auto; display: block; margin: 0 auto;\"><\/div>\n<\/div>\n<\/div>\n<\/div>\n<\/div>\n<\/div>\n<div style=\"clear: both; display: block; margin: 10px 0;\">\n<div style=\"clear: both; display: block; margin: 10px 0;\">\n<div style=\"clear: both; display: block; margin: 10px 0;\">\n<p style=\"margin: 15px 0; line-height: 1.8; clear: both; display: block; width: 100%; float: none; position: static;\">Wychodz\u0105c naprzeciw oczekiwaniom Klient\u00f3w i chc\u0105c spe\u0142nia\u0107 jak najwy\u017csze standardy obs\u0142ugi dok\u0142adamy wszelkich stara\u0144, aby podawa\u0107 precyzyjn\u0105 dat\u0119 produkcji opony (DOT). Niestety, w wyj\u0105tkowych przypadkach, mo\u017ce zdarzy\u0107 si\u0119, \u017ce opony, kt\u00f3re wy\u015blemy b\u0119d\u0105 mia\u0142y inn\u0105 dat\u0119 produkcji ni\u017c podana. Sytuacja mo\u017ce dotyczy\u0107 zar\u00f3wno opon z DOT-em wcze\u015bniejszym jak i p\u00f3\u017aniejszym. Chcieliby\u015bmy podkre\u015bli\u0107, \u017ce warunki przechowywania opon w naszych magazynach spe\u0142niaj\u0105 Polsk\u0105 Norm\u0119 PN-C-94300-7 dzi\u0119ki czemu nawet opona przechowywana 24 miesi\u0105ce ma parametry takie same jak opona z bie\u017c\u0105cego roku. Warto pami\u0119ta\u0107 tak\u017ce o fakcie, \u017ce w przypadku wielu rozmiar\u00f3w i producent\u00f3w plany produkcyjne fabryk uniemo\u017cliwiaj\u0105 zakup opony z bie\u017c\u0105cego roku.<\/p>\n<p style=\"margin: 15px 0; line-height: 1.8; clear: both; display: block; width: 100%; float: none; position: static;\">Przy zakupie opon pami\u0119taj o sprawdzeniu w instrukcji samochodu lub na w\u0142a\u015bciwej stronie internetowej, jakie ogumienie zaleca producent Twojego auta. \u0179le dobrane opony mog\u0105 negatywnie wp\u0142yn\u0105\u0107 na poziom Twojego bezpiecze\u0144stwa. Kupuj\u0105c opony zwr\u00f3\u0107 uwag\u0119 na rozmiar oraz indeksy no\u015bno\u015bci i pr\u0119dko\u015bci jakie homologowane s\u0105 do Twojego pojazdu.<\/p>\n<p style=\"margin: 15px 0; line-height: 1.8; clear: both; display: block; width: 100%; float: none; position: static;\">Zamieszczone zdj\u0119cia pe\u0142ni\u0105 funkcj\u0119 pogl\u0105dow\u0105. W zale\u017cno\u015bci od szeroko\u015bci opon, mog\u0105 wyst\u0119powa\u0107 niewielkie r\u00f3\u017cnice w wygl\u0105dzie bie\u017cnika (w obr\u0119bie jednego modelu) na przyk\u0142ad w ilo\u015bci rowk\u00f3w obwodowych lub rozmieszczeniu blok\u00f3w bie\u017cnika, co nie stanowi wady produktu.<\/p>\n<p style=\"margin: 15px 0; line-height: 1.8; clear: both; display: block; width: 100%; float: none; position: static;\">Je\u017celi otrzymane przez Ciebie opony nie spe\u0142niaj\u0105 Twoich oczekiwa\u0144 masz mo\u017cliwo\u015b\u0107 zwrotu lub wymiany nieu\u017cywanego (niemontowanego) ogumienia.<\/p>\n<\/div>\n<\/div>\n<\/div>\n<div style=\"clear: both; display: block; margin: 10px 0;\">\n<div style=\"clear: both; display: block; margin: 10px 0;\">\n<div style=\"clear: both; display: block; margin: 10px 0;\">\n<div  style=\"max-width:2410px;max-height:451px\">\n<div style=\"clear: both; display: block; margin: 10px 0;\">\n<div style=\"clear: both; width: 100%; display: block; margin: 20px 0; padding: 0; float: none; position: static; text-align: center;\"><img decoding=\"async\"  src=\"https:\/\/a.allegroimg.com\/original\/11ad80\/d004449b4db19cd07a30d01d5372\/2x-VREDESTEIN-265-45R20-108Y-Quatrac-Pro-XL-FSL-caloroczne-2024-r-Szerokosc-opony-265-mm\" srcset=\"https:\/\/a.allegroimg.com\/original\/11ad80\/d004449b4db19cd07a30d01d5372\/2x-VREDESTEIN-265-45R20-108Y-Quatrac-Pro-XL-FSL-caloroczne-2024-r-Szerokosc-opony-265-mm 360w,https:\/\/a.allegroimg.com\/original\/11ad80\/d004449b4db19cd07a30d01d5372\/2x-VREDESTEIN-265-45R20-108Y-Quatrac-Pro-XL-FSL-caloroczne-2024-r-Szerokosc-opony-265-mm 720w,https:\/\/a.allegroimg.com\/original\/11ad80\/d004449b4db19cd07a30d01d5372\/2x-VREDESTEIN-265-45R20-108Y-Quatrac-Pro-XL-FSL-caloroczne-2024-r-Szerokosc-opony-265-mm 1024w,https:\/\/a.allegroimg.com\/original\/11ad80\/d004449b4db19cd07a30d01d5372\/2x-VREDESTEIN-265-45R20-108Y-Quatrac-Pro-XL-FSL-caloroczne-2024-r-Szerokosc-opony-265-mm 1440w,https:\/\/a.allegroimg.com\/original\/11ad80\/d004449b4db19cd07a30d01d5372\/2x-VREDESTEIN-265-45R20-108Y-Quatrac-Pro-XL-FSL-caloroczne-2024-r-Szerokosc-opony-265-mm 2410w\" sizes=\"(min-width: 1200px) 560px, (min-width: 992px) 50vw, 100vw\" width=\"2410px\" alt=\"2x VREDESTEIN 265\/45R20 108Y Quatrac Pro+ XL FSL ca\u0142oroczne 2024 r Szeroko\u015b\u0107 opony 265 mm\"\/ style=\"max-width: 100%; height: auto; display: block; margin: 0 auto;\"><\/div>\n<\/div>\n<\/div>\n<\/div>\n<\/div>\n<div style=\"clear: both; display: block; margin: 10px 0;\">\n<div style=\"clear: both; display: block; margin: 10px 0;\">\n<h1>Vredestein<\/h1>\n<p style=\"margin: 15px 0; line-height: 1.8; clear: both; display: block; width: 100%; float: none; position: static;\">Firma Apollo Tyres ma w swojej ofercie wiele modeli opon letnich marki Vredestein z indywidualnie zaprojektowanym bie\u017cnikiem i odpowiednio dobran\u0105 mieszank\u0105 gum. Pozycje, kt\u00f3re dost\u0119pne s\u0105 w katalogu tego producenta to mi\u0119dzy innymi Sportrac 5, Ultrac Satin, Ultrac Vorti oraz Ultrac Vorti R.<\/p>\n<\/div>\n<\/div>\n<\/div>\n<\/div>\n<\/div>\n<\/div>\n<div style=\"clear: both; display: block; margin: 10px 0;\">\n","protected":false},"excerpt":{"rendered":"<p>Rok produkcji: 2024<\/p>\n<p>VREDESTEIN Quatrac Pro+ 265\/45R20 108Y XL FSL<\/p>\n<p>G150SL<\/p>\n<p>Data produkcji : 2024<\/p>\n<p>Indeks : 265\/45R20 CTVR 108Y QP+<\/p>\n<p>Indeks no\u015bno\u015bci : 108<\/p>\n<p>Indeks pr\u0119dko\u015bci : Y &#8211; 300 km\/h<\/p>\n<p>Klasa opony : premium<\/p>\n","protected":false},"featured_media":12741,"template":"","meta":{"_uag_custom_page_level_css":""},"product_brand":[436],"product_cat":[416,414,413,412],"product_tag":[],"class_list":{"0":"post-12740","1":"product","2":"type-product","3":"status-publish","4":"has-post-thumbnail","6":"product_brand-vredestein","7":"product_cat-caloroczne","8":"product_cat-do-samochodow-osobowych-i-suv","9":"product_cat-opony","10":"product_cat-opony-i-felgi","12":"first","13":"instock","14":"shipping-taxable","15":"purchasable","16":"product-type-simple"},"uagb_featured_image_src":{"full":["https:\/\/oponixo.shop\/tire\/wp-content\/uploads\/2026\/01\/allegro-image-12740.jpg",1200,1126,false],"thumbnail":["https:\/\/oponixo.shop\/tire\/wp-content\/uploads\/2026\/01\/allegro-image-12740-150x150.jpg",150,150,true],"medium":["https:\/\/oponixo.shop\/tire\/wp-content\/uploads\/2026\/01\/allegro-image-12740-300x282.jpg",300,282,true],"medium_large":["https:\/\/oponixo.shop\/tire\/wp-content\/uploads\/2026\/01\/allegro-image-12740-768x721.jpg",768,721,true],"large":["https:\/\/oponixo.shop\/tire\/wp-content\/uploads\/2026\/01\/allegro-image-12740-1024x961.jpg",1024,961,true],"1536x1536":["https:\/\/oponixo.shop\/tire\/wp-content\/uploads\/2026\/01\/allegro-image-12740.jpg",1200,1126,false],"2048x2048":["https:\/\/oponixo.shop\/tire\/wp-content\/uploads\/2026\/01\/allegro-image-12740.jpg",1200,1126,false],"woocommerce_thumbnail":["https:\/\/oponixo.shop\/tire\/wp-content\/uploads\/2026\/01\/allegro-image-12740-300x300.jpg",300,300,true],"woocommerce_single":["https:\/\/oponixo.shop\/tire\/wp-content\/uploads\/2026\/01\/allegro-image-12740-600x563.jpg",600,563,true],"woocommerce_gallery_thumbnail":["https:\/\/oponixo.shop\/tire\/wp-content\/uploads\/2026\/01\/allegro-image-12740-100x100.jpg",100,100,true]},"uagb_author_info":{"display_name":"admin","author_link":"https:\/\/oponixo.shop\/tire\/author\/"},"uagb_comment_info":0,"uagb_excerpt":"Rok produkcji: 2024 VREDESTEIN Quatrac Pro+ 265\/45R20 108Y XL FSL G150SL Data produkcji : 2024 Indeks : 265\/45R20 CTVR 108Y QP+ Indeks no\u015bno\u015bci : 108 Indeks pr\u0119dko\u015bci : Y - 300 km\/h Klasa opony : premium","_links":{"self":[{"href":"https:\/\/oponixo.shop\/tire\/wp-json\/wp\/v2\/product\/12740","targetHints":{"allow":["GET"]}}],"collection":[{"href":"https:\/\/oponixo.shop\/tire\/wp-json\/wp\/v2\/product"}],"about":[{"href":"https:\/\/oponixo.shop\/tire\/wp-json\/wp\/v2\/types\/product"}],"wp:featuredmedia":[{"embeddable":true,"href":"https:\/\/oponixo.shop\/tire\/wp-json\/wp\/v2\/media\/12741"}],"wp:attachment":[{"href":"https:\/\/oponixo.shop\/tire\/wp-json\/wp\/v2\/media?parent=12740"}],"wp:term":[{"taxonomy":"product_brand","embeddable":true,"href":"https:\/\/oponixo.shop\/tire\/wp-json\/wp\/v2\/product_brand?post=12740"},{"taxonomy":"product_cat","embeddable":true,"href":"https:\/\/oponixo.shop\/tire\/wp-json\/wp\/v2\/product_cat?post=12740"},{"taxonomy":"product_tag","embeddable":true,"href":"https:\/\/oponixo.shop\/tire\/wp-json\/wp\/v2\/product_tag?post=12740"}],"curies":[{"name":"wp","href":"https:\/\/api.w.org\/{rel}","templated":true}]}}